{"id":121,"date":"2024-02-16T18:18:55","date_gmt":"2024-02-16T16:18:55","guid":{"rendered":"https:\/\/pumpuruvsk.jurmala.lv\/wordpress\/?page_id=121"},"modified":"2026-04-29T06:32:15","modified_gmt":"2026-04-29T04:32:15","slug":"sasniegumi","status":"publish","type":"page","link":"https:\/\/pumpuruvsk.jurmala.lv\/?page_id=121","title":{"rendered":"SASNIEGUMI"},"content":{"rendered":"\n<p>Sasniegumi 2025.\/2026. m\u0101c\u012bbu gad\u0101<\/p>\n\n\n\n<figure class=\"wp-block-table is-style-stripes\"><table><thead><tr><th>Datums<\/th><th class=\"has-text-align-center\" data-align=\"center\">Nosaukums<\/th><th class=\"has-text-align-center\" data-align=\"center\">Skol\u0113ns<\/th><th>Klase<\/th><th class=\"has-text-align-center\" data-align=\"center\">Apbalvojums<\/th><th>Skolot\u0101js<\/th><\/tr><\/thead><tbody><tr><td>22.04.2026.<\/td><td class=\"has-text-align-center\" data-align=\"center\">V\u0101cu valodas atkl\u0101t\u0101 55. olimpi\u0101de 8.kla\u0161u posm\u0101<\/td><td class=\"has-text-align-center\" data-align=\"center\">K\u0101rlis Aide \u0100ri\u0146\u0161<\/td><td>8.a<\/td><td class=\"has-text-align-center\" data-align=\"center\">1.vieta<\/td><td>Egija \u0136emere<\/td><\/tr><tr><td>22.04.2026.<\/td><td class=\"has-text-align-center\" data-align=\"center\">V\u0101cu valodas atkl\u0101t\u0101 55. olimpi\u0101de 8.kla\u0161u posm\u0101<\/td><td class=\"has-text-align-center\" data-align=\"center\">El\u012bza Ru\u0161i\u0146a <\/td><td>8.a<\/td><td class=\"has-text-align-center\" data-align=\"center\">3.vieta<\/td><td>Egija \u0136emere<\/td><\/tr><tr><td>14.04.2026.<\/td><td class=\"has-text-align-center\" data-align=\"center\">Latvie\u0161u valodas un literat\u016bras 52. olimpi\u0101de, 3.posms<\/td><td class=\"has-text-align-center\" data-align=\"center\">Just\u012bne Elza Gr\u0101vere<\/td><td>12.a<\/td><td class=\"has-text-align-center\" data-align=\"center\">2.pak\u0101pe<\/td><td>Aija Meiere<\/td><\/tr><tr><td>14.04.2026.<\/td><td class=\"has-text-align-center\" data-align=\"center\">Latvie\u0161u valodas un literat\u016bras 52. olimpi\u0101de, 3.posms<\/td><td class=\"has-text-align-center\" data-align=\"center\">Em\u012blija Harjoa<\/td><td>9.a<\/td><td class=\"has-text-align-center\" data-align=\"center\">3.pak\u0101pe<\/td><td>Dace Vanc\u0101ne<\/td><\/tr><tr><td>25.03.2026. &#8211; 26.03.2026.<\/td><td class=\"has-text-align-center\" data-align=\"center\">Fizikas valsts 76.olimpi\u0101de 3.posms<\/td><td class=\"has-text-align-center\" data-align=\"center\">Gustavs Soms<\/td><td>9.b<\/td><td class=\"has-text-align-center\" data-align=\"center\">3.pak\u0101pe<\/td><td>Kristi\u0101ns Kalnpurs<\/td><\/tr><tr><td>24.03.2026.<\/td><td class=\"has-text-align-center\" data-align=\"center\">\u0122eogr\u0101fijas atkl\u0101t\u0101 olimpi\u0101de 7. klas\u0113m<\/td><td class=\"has-text-align-center\" data-align=\"center\">Pauls Matisons<\/td><td>7.a<\/td><td class=\"has-text-align-center\" data-align=\"center\">1.vieta<\/td><td>Kristi\u0101na Leji\u0146a<\/td><\/tr><tr><td>24.03.2026.<\/td><td class=\"has-text-align-center\" data-align=\"center\">Ang\u013cu valodas valsts 55. olimpi\u0101des 3.posms<\/td><td class=\"has-text-align-center\" data-align=\"center\">Harijs Goldmanis<\/td><td>12.a<\/td><td class=\"has-text-align-center\" data-align=\"center\">Atzin\u012bba<\/td><td>Agnese Ratniece<\/td><\/tr><tr><td>24.03.2026.<\/td><td class=\"has-text-align-center\" data-align=\"center\">J\u016brmalas valsts \u0123imn\u0101zijas atkl\u0101t\u0101 \u0123eogr\u0101fijas olimpi\u0101d\u0113 7.klas\u0113m<\/td><td class=\"has-text-align-center\" data-align=\"center\">Pauls Matisons<\/td><td>7.a<\/td><td class=\"has-text-align-center\" data-align=\"center\">2.vieta<\/td><td>Kristi\u0101na Leji\u0146a<\/td><\/tr><tr><td>24.03.2026.<\/td><td class=\"has-text-align-center\" data-align=\"center\">J\u016brmalas valsts \u0123imn\u0101zijas atkl\u0101t\u0101 \u0123eogr\u0101fijas olimpi\u0101d\u0113 7.klas\u0113m<\/td><td class=\"has-text-align-center\" data-align=\"center\">Agnija Tulinska<\/td><td>7.b<\/td><td class=\"has-text-align-center\" data-align=\"center\">3.vieta<\/td><td>Kristi\u0101na Leji\u0146a<\/td><\/tr><tr><td>06.03.2026.<\/td><td class=\"has-text-align-center\" data-align=\"center\">Latvijas skol\u0113nu 50. zin\u0101tnisk\u0101s p\u0113tniec\u012bbas darbu re\u0123ion\u0101l\u0101 konference<\/td><td class=\"has-text-align-center\" data-align=\"center\">Just\u012bne Elza Gr\u0101vere<\/td><td>12.a<\/td><td class=\"has-text-align-center\" data-align=\"center\">II pak\u0101pe<br>uzaicin\u0101ts uz 3.posmu (valsts konferenci)<\/td><td>V\u0113sma Vijupe<\/td><\/tr><tr><td>06.03.2026.<\/td><td class=\"has-text-align-center\" data-align=\"center\">Latvijas skol\u0113nu 50. zin\u0101tnisk\u0101s p\u0113tniec\u012bbas darbu re\u0123ion\u0101l\u0101 konference<\/td><td class=\"has-text-align-center\" data-align=\"center\">Toms Kalnmeiers<\/td><td>12.b<\/td><td class=\"has-text-align-center\" data-align=\"center\">II pak\u0101pe<br>uzaicin\u0101ts uz 3.posmu (valsts konferenci)<\/td><td>Ausma Bru\u0146eniece<\/td><\/tr><tr><td>06.03.2026.<\/td><td class=\"has-text-align-center\" data-align=\"center\">Latvijas skol\u0113nu 50. zin\u0101tnisk\u0101s p\u0113tniec\u012bbas darbu re\u0123ion\u0101l\u0101 konference<\/td><td class=\"has-text-align-center\" data-align=\"center\">Ri\u010dards Niedr\u012btis<\/td><td>12.a<\/td><td class=\"has-text-align-center\" data-align=\"center\">II pak\u0101pe<br>uzaicin\u0101ts uz 3.posmu (valsts konferenci)<\/td><td>V\u0113sma Vijupe<\/td><\/tr><tr><td>06.03.2026.<\/td><td class=\"has-text-align-center\" data-align=\"center\">Latvijas skol\u0113nu 50. zin\u0101tnisk\u0101s p\u0113tniec\u012bbas darbu re\u0123ion\u0101l\u0101 konference<\/td><td class=\"has-text-align-center\" data-align=\"center\">Marta Upmace<\/td><td>12.a<\/td><td class=\"has-text-align-center\" data-align=\"center\">III pak\u0101pe<\/td><td>V\u0113sma Vijupe<\/td><\/tr><tr><td>06.03.2026.<\/td><td class=\"has-text-align-center\" data-align=\"center\">Latvijas skol\u0113nu 50. zin\u0101tnisk\u0101s p\u0113tniec\u012bbas darbu re\u0123ion\u0101l\u0101 konference<\/td><td class=\"has-text-align-center\" data-align=\"center\">Markuss \u0145esterovskis<\/td><td>12.b<\/td><td class=\"has-text-align-center\" data-align=\"center\">III pak\u0101pe<\/td><td>Ausma Bru\u0146eniece<\/td><\/tr><tr><td>06.03.2026.<\/td><td class=\"has-text-align-center\" data-align=\"center\">Latvijas skol\u0113nu 50. zin\u0101tnisk\u0101s p\u0113tniec\u012bbas darbu re\u0123ion\u0101l\u0101 konference<\/td><td class=\"has-text-align-center\" data-align=\"center\">K\u0101rlis Gustavs Ka\u017eoks<\/td><td>12.b<\/td><td class=\"has-text-align-center\" data-align=\"center\">III pak\u0101pe<\/td><td>Ausma Bru\u0146eniece<\/td><\/tr><tr><td>06.03.2026.<\/td><td class=\"has-text-align-center\" data-align=\"center\">J\u016brmalas valstspils\u0113tas matem\u0101tikas olimpi\u0101de<br>5. &#8211; 8. klas\u0113m 2.posms<\/td><td class=\"has-text-align-center\" data-align=\"center\">Agnese Vilne<\/td><td>6.c<\/td><td class=\"has-text-align-center\" data-align=\"center\">Atzin\u012bba<\/td><td>Ruta \u0160tromane<\/td><\/tr><tr><td>06.03.2026.<\/td><td class=\"has-text-align-center\" data-align=\"center\">J\u016brmalas valstspils\u0113tas matem\u0101tikas olimpi\u0101de<br>5. &#8211; 8. klas\u0113m 2.posms<\/td><td class=\"has-text-align-center\" data-align=\"center\">Roberts Gulbis<\/td><td>6.a<\/td><td class=\"has-text-align-center\" data-align=\"center\">Atzin\u012bba<\/td><td>Baiba Rosvalde<\/td><\/tr><tr><td>06.03.2026.<\/td><td class=\"has-text-align-center\" data-align=\"center\">J\u016brmalas valstspils\u0113tas matem\u0101tikas olimpi\u0101de<br>5. &#8211; 8. klas\u0113m 2.posms<\/td><td class=\"has-text-align-center\" data-align=\"center\">Linda Voitk\u0101ne<\/td><td>7.c<\/td><td class=\"has-text-align-center\" data-align=\"center\">3.vieta<\/td><td>Dace Mierkalne<\/td><\/tr><tr><td>06.03.2026.<\/td><td class=\"has-text-align-center\" data-align=\"center\">J\u016brmalas valstspils\u0113tas matem\u0101tikas olimpi\u0101de<br>5. &#8211; 8. klas\u0113m 2.posms<\/td><td class=\"has-text-align-center\" data-align=\"center\">D\u0101rta Ratkevi\u010da<\/td><td>5.c<\/td><td class=\"has-text-align-center\" data-align=\"center\">3.vieta<\/td><td>Baiba Rosvalde<\/td><\/tr><tr><td>05.03.2026.<\/td><td class=\"has-text-align-center\" data-align=\"center\">27. atkl\u0101t\u0101 Latvijas skolu dizaina un tehnolo\u0123iju olimpi\u0101de \u201cZelta zirgs\u201d<br>8.-9. kla\u0161u grup\u0101 kategorij\u0101 audiovizu\u0101l\u0101s tehnolo\u0123ijas <\/td><td class=\"has-text-align-center\" data-align=\"center\">Jur\u0123is Binders<\/td><td>9.b<\/td><td class=\"has-text-align-center\" data-align=\"center\">2.vieta<\/td><td>J\u0101nis Aizups<\/td><\/tr><tr><td>05.03.2026.<\/td><td class=\"has-text-align-center\" data-align=\"center\">27. atkl\u0101t\u0101 Latvijas skolu dizaina un tehnolo\u0123iju olimpi\u0101de \u201cZelta zirgs\u201d<br>10. &#8211; 12. kla\u0161u grup\u0101 kategorij\u0101 tekstila tehnolo\u0123ijas<\/td><td class=\"has-text-align-center\" data-align=\"center\">Evel\u012bna Roze<\/td><td>11.b<\/td><td class=\"has-text-align-center\" data-align=\"center\">Atzin\u012bba<\/td><td>Ieva Silava<\/td><\/tr><tr><td>21.02.2026.<\/td><td class=\"has-text-align-center\" data-align=\"center\">Atkl\u0101t\u0101 sp\u0101\u0146u valodas olimpi\u0101de 10. &#8211; 12. kla\u0161u posm\u0101<\/td><td class=\"has-text-align-center\" data-align=\"center\">Kristo Rafaels Zv\u012bnis<\/td><td>11.a<\/td><td class=\"has-text-align-center\" data-align=\"center\">1.vieta<\/td><td>Indra Kra\u0123e<\/td><\/tr><tr><td>12.02.2026.<\/td><td class=\"has-text-align-center\" data-align=\"center\">Latvie\u0161u valodas un literat\u016bras valsts 52.olimpi\u0101de <br>2.posms<br>5. &#8211; 6. kla\u0161u grupa<\/td><td class=\"has-text-align-center\" data-align=\"center\">L\u012bna Grieta B\u0113rzi\u0146a<\/td><td>6.b<\/td><td class=\"has-text-align-center\" data-align=\"center\">2.vieta<\/td><td>Anita Ievi\u0146a<\/td><\/tr><tr><td>12.02.2026.<\/td><td class=\"has-text-align-center\" data-align=\"center\">Latvie\u0161u valodas un literat\u016bras valsts 52.olimpi\u0101de <br>2.posms<br>5. &#8211; 6. kla\u0161u grupa<\/td><td class=\"has-text-align-center\" data-align=\"center\">Karolina Fran\u010denko<\/td><td>6.c<\/td><td class=\"has-text-align-center\" data-align=\"center\">Atzin\u012bba<\/td><td>Anita Ievi\u0146a<\/td><\/tr><tr><td>12.02.2026.<\/td><td class=\"has-text-align-center\" data-align=\"center\">Dizaina un tehnolo\u0123iju olimpi\u0101de \u201cZelta zirgs\u201d 1. posms<\/td><td class=\"has-text-align-center\" data-align=\"center\">Evel\u012bna Roze<\/td><td>11.b<\/td><td class=\"has-text-align-center\" data-align=\"center\">Atzin\u012bba<\/td><td>Ieva Silava<\/td><\/tr><tr><td>12.02.2026.<\/td><td class=\"has-text-align-center\" data-align=\"center\">Dizaina un tehnolo\u0123iju olimpi\u0101de \u201cZelta zirgs\u201d 1. posms<\/td><td class=\"has-text-align-center\" data-align=\"center\">Jur\u0123is Binders<\/td><td>9.b<\/td><td class=\"has-text-align-center\" data-align=\"center\">Izc\u012bn\u012bja ties\u012bbas piedal\u012bties olimpi\u0101des 2.posm\u0101 kl\u0101tien\u0113<\/td><td>J\u0101nis Aizups, Ieva Silava<\/td><\/tr><tr><td>04.02.2026.<\/td><td class=\"has-text-align-center\" data-align=\"center\">Latvie\u0161u valodas un literat\u016bras valsts 52.olimpi\u0101de <br>2.posms<br>8. &#8211; 9. kla\u0161u grupa<\/td><td class=\"has-text-align-center\" data-align=\"center\">K\u0101rlis Aide &#8211; \u0100ri\u0146\u0161<\/td><td>8.a<\/td><td class=\"has-text-align-center\" data-align=\"center\">3.vieta<\/td><td>Dace Vanc\u0101ne<\/td><\/tr><tr><td>04.02.2026.<\/td><td class=\"has-text-align-center\" data-align=\"center\">Latvie\u0161u valodas un literat\u016bras valsts 52.olimpi\u0101de 2.posms<br>8. &#8211; 9. kla\u0161u grupa<\/td><td class=\"has-text-align-center\" data-align=\"center\">Anna Rami\u0146a<\/td><td>8.b<\/td><td class=\"has-text-align-center\" data-align=\"center\">2.vieta<\/td><td>Aija Meiere<\/td><\/tr><tr><td>04.02.2026.<\/td><td class=\"has-text-align-center\" data-align=\"center\">Latvie\u0161u valodas un literat\u016bras valsts 52.olimpi\u0101de 2.posms<br>8. &#8211; 9. kla\u0161u grupa<\/td><td class=\"has-text-align-center\" data-align=\"center\">Markuss Grieze<\/td><td>8.b<\/td><td class=\"has-text-align-center\" data-align=\"center\">2.vieta<\/td><td>Aija Meiere<\/td><\/tr><tr><td>04.02.2026.<\/td><td class=\"has-text-align-center\" data-align=\"center\">Latvie\u0161u valodas un literat\u016bras valsts 52.olimpi\u0101de 2.posms<br>8. &#8211; 9. kla\u0161u grupa<\/td><td class=\"has-text-align-center\" data-align=\"center\">Em\u012blija Harjo<\/td><td>9.a<\/td><td class=\"has-text-align-center\" data-align=\"center\">1.vieta<\/td><td>Dace Vanc\u0101ne<\/td><\/tr><tr><td>03.02.2026.<br><\/td><td class=\"has-text-align-center\" data-align=\"center\">\u0122eogr\u0101fijas valsts 43.olimpi\u0101de 2.posms<\/td><td class=\"has-text-align-center\" data-align=\"center\">Ritvars Kaufmanis <\/td><td>11.d<\/td><td class=\"has-text-align-center\" data-align=\"center\">2.vieta<br>uzaicin\u0101ta uz 3.posmu<\/td><td>Ligija \u0136emere<\/td><\/tr><tr><td>03.02.2026.<\/td><td class=\"has-text-align-center\" data-align=\"center\">\u0122eogr\u0101fijas valsts 43.olimpi\u0101de 2.posms<\/td><td class=\"has-text-align-center\" data-align=\"center\">Just\u012bne Elza Gr\u0101vere<\/td><td>12.a<\/td><td class=\"has-text-align-center\" data-align=\"center\">3.vieta<br>uzaicin\u0101ta uz 3.posmu<\/td><td>Ligija \u0136emere<\/td><\/tr><tr><td>03.02.2026.<\/td><td class=\"has-text-align-center\" data-align=\"center\">\u0122eogr\u0101fijas valsts 43.olimpi\u0101de 2.posms<\/td><td class=\"has-text-align-center\" data-align=\"center\">Edv\u012bns Ste\u013cma\u010donoks<\/td><td>10.a<\/td><td class=\"has-text-align-center\" data-align=\"center\">Atzin\u012bba<\/td><td>Ligija \u0136emere<\/td><\/tr><tr><td>28.01.2026.<\/td><td class=\"has-text-align-center\" data-align=\"center\">Latvie\u0161u valodas un literat\u016bras valsts 52.olimpi\u0101de 2.posms<br>11. &#8211; 12. kla\u0161u grupa<\/td><td class=\"has-text-align-center\" data-align=\"center\">Anete Elza Liepi\u0146a<\/td><td>11.a<\/td><td class=\"has-text-align-center\" data-align=\"center\">3.vieta<\/td><td>Agrita Br\u016bna<\/td><\/tr><tr><td>28.01.2026.<\/td><td class=\"has-text-align-center\" data-align=\"center\">Latvie\u0161u valodas un literat\u016bras valsts 52.olimpi\u0101de 2.posms<br>11. &#8211; 12. kla\u0161u grupa<\/td><td class=\"has-text-align-center\" data-align=\"center\">Just\u012bne Elza Gr\u0101vere<\/td><td>12.a<\/td><td class=\"has-text-align-center\" data-align=\"center\">1.vieta<\/td><td>Aija Meiere<\/td><\/tr><tr><td>27.01.2026.<\/td><td class=\"has-text-align-center\" data-align=\"center\">Ekonomikas valsts 27. olimpi\u0101de 10.-12. klas\u0113m 2.posms<\/td><td class=\"has-text-align-center\" data-align=\"center\">Viesturs B\u0113rzi\u0146\u0161<\/td><td>10.b<\/td><td class=\"has-text-align-center\" data-align=\"center\">Atzin\u012bba<\/td><td>Iveta Kravinska<\/td><\/tr><tr><td>30.01.2026.<\/td><td class=\"has-text-align-center\" data-align=\"center\">Matem\u0101tikas valsts 76.olimpi\u0101de 2.posms<\/td><td class=\"has-text-align-center\" data-align=\"center\">Elza Just\u012bne Gr\u0101vere<\/td><td>12.a<\/td><td class=\"has-text-align-center\" data-align=\"center\">1.vieta<br>uzaicin\u0101ta uz valsts posmu<\/td><td>Gita Reini\u0146a<\/td><\/tr><tr><td>30.01.2026.<\/td><td class=\"has-text-align-center\" data-align=\"center\">Matem\u0101tikas valsts 76.olimpi\u0101de 2.posms<\/td><td class=\"has-text-align-center\" data-align=\"center\">Gustavs Soms<\/td><td>9.b<\/td><td class=\"has-text-align-center\" data-align=\"center\">1.vieta<br>uzaicin\u0101ts uz valsts posmu<\/td><td>Ruta \u0160tromane<\/td><\/tr><tr><td>30.01.2026.<\/td><td class=\"has-text-align-center\" data-align=\"center\">Matem\u0101tikas valsts 76.olimpi\u0101de 2.posms<\/td><td class=\"has-text-align-center\" data-align=\"center\">Olivers V\u0113tra<\/td><td>9.a<\/td><td class=\"has-text-align-center\" data-align=\"center\">Atzin\u012bba<\/td><td>Agnija Ruzule &#8211; Jaudzeme<\/td><\/tr><tr><td>No 21. \u2013 23. janv\u0101rim (2026.gads)<\/td><td class=\"has-text-align-center\" data-align=\"center\">Biolo\u0123ijas valsts 48.olimpi\u0101de 3.posms 10.-12.klas\u0113m<\/td><td class=\"has-text-align-center\" data-align=\"center\">Edvins Ste\u013cma\u010donoks<\/td><td>10.a<\/td><td class=\"has-text-align-center\" data-align=\"center\">2.vieta un sudraba meda\u013ca \/ &nbsp;iesp\u0113ja pretend\u0113t uz dal\u012bbu Pasaules Biolo\u0123ijas olimpi\u0101d\u0113!<\/td><td>V\u0113sma Vijupe<\/td><\/tr><tr><td>No 21. \u2013 23. janv\u0101rim (2026.gads)<\/td><td class=\"has-text-align-center\" data-align=\"center\">Biolo\u0123ijas valsts 48.olimpi\u0101de 3.posms 10.-12.klas\u0113m<\/td><td class=\"has-text-align-center\" data-align=\"center\">Marta Zomerfelde<\/td><td>11.a<\/td><td class=\"has-text-align-center\" data-align=\"center\">Atzin\u012bba<\/td><td>V\u0113sma Vijupe<\/td><\/tr><tr><td>20.01.2026. <\/td><td class=\"has-text-align-center\" data-align=\"center\">\u0136\u012bmijas valsts 67.olimpi\u0101de 2.posms 9.-12.klas\u0113m<\/td><td class=\"has-text-align-center\" data-align=\"center\">Gustavs Soms<\/td><td>9.b<\/td><td class=\"has-text-align-center\" data-align=\"center\">1.vieta,<br>uzaicin\u0101ts uz 3.posmu<\/td><td>Inta Pauli\u0146a<\/td><\/tr><tr><td>20.01.2026. <\/td><td class=\"has-text-align-center\" data-align=\"center\">\u0136\u012bmijas valsts 67.olimpi\u0101de 2.posms 9.-12.klas\u0113m<\/td><td class=\"has-text-align-center\" data-align=\"center\">Marta Zomerfelde<\/td><td>11.a<\/td><td class=\"has-text-align-center\" data-align=\"center\">2.vieta<\/td><td>Inta Pauli\u0146a<\/td><\/tr><tr><td>20.01.2026. <\/td><td class=\"has-text-align-center\" data-align=\"center\">\u0136\u012bmijas valsts 67.olimpi\u0101de 2.posms 9.-12.klas\u0113m<\/td><td class=\"has-text-align-center\" data-align=\"center\">K\u0101rlis Upmacis<\/td><td>9.a<\/td><td class=\"has-text-align-center\" data-align=\"center\">Atzin\u012bba<\/td><td>Inta Pauli\u0146a<\/td><\/tr><tr><td>20.01.2026. <\/td><td class=\"has-text-align-center\" data-align=\"center\">\u0136\u012bmijas valsts 67.olimpi\u0101de 2.posms 9.-12.klas\u0113m<\/td><td class=\"has-text-align-center\" data-align=\"center\">Olivers V\u0113tra<\/td><td>9.a<\/td><td class=\"has-text-align-center\" data-align=\"center\">Atzin\u012bba<\/td><td>Inta Pauli\u0146a<\/td><\/tr><tr><td>20.01.2026. <\/td><td class=\"has-text-align-center\" data-align=\"center\">\u0136\u012bmijas valsts 67.olimpi\u0101de 2.posms 9.-12.klas\u0113m <\/td><td class=\"has-text-align-center\" data-align=\"center\">Daniels Strods<\/td><td>11.a<\/td><td class=\"has-text-align-center\" data-align=\"center\">Atzin\u012bba<\/td><td>Inta Pauli\u0146a<\/td><\/tr><tr><td>20.01.2026. <\/td><td class=\"has-text-align-center\" data-align=\"center\">\u0136\u012bmijas valsts 67.olimpi\u0101de 2.posms 9.-12.klas\u0113m <\/td><td class=\"has-text-align-center\" data-align=\"center\">J\u0101nis Rudz\u012btis<\/td><td>12.a<\/td><td class=\"has-text-align-center\" data-align=\"center\">Atzin\u012bba<\/td><td>Mud\u012bte Pr\u016bse<\/td><\/tr><tr><td>16.01.2026.<\/td><td class=\"has-text-align-center\" data-align=\"center\">Fizikas valsts 76.olimpi\u0101des 2.posms<\/td><td class=\"has-text-align-center\" data-align=\"center\">Gustavs Soms<\/td><td>9.b<\/td><td class=\"has-text-align-center\" data-align=\"center\">1.vieta<br>uzaicin\u0101ts uz 3.posmu<\/td><td>Kristi\u0101ns Kalnpurs<\/td><\/tr><tr><td>14.01.2026.<\/td><td class=\"has-text-align-center\" data-align=\"center\">Filozofijas valsts 12.olimpi\u0101de 10.-12.klas\u0113m 2.posms<\/td><td class=\"has-text-align-center\" data-align=\"center\">Marta Zomerfelde<\/td><td>11.a<\/td><td class=\"has-text-align-center\" data-align=\"center\">1.vieta<\/td><td>Dina Ratniece<\/td><\/tr><tr><td>14.01.2026.<\/td><td class=\"has-text-align-center\" data-align=\"center\">Filozofijas valsts 12.olimpi\u0101de 10.-12.klas\u0113m 2.posms<\/td><td class=\"has-text-align-center\" data-align=\"center\">Ritvars Kaufmanis<\/td><td>11.d<\/td><td class=\"has-text-align-center\" data-align=\"center\">3.vieta<\/td><td>Dina Ratniece<\/td><\/tr><tr><td>14.01.2026.<\/td><td class=\"has-text-align-center\" data-align=\"center\">Filozofijas valsts 12.olimpi\u0101de 10.-12.klas\u0113m 2.posms<\/td><td class=\"has-text-align-center\" data-align=\"center\">Roberts Markuss Limmers<\/td><td>11.b<\/td><td class=\"has-text-align-center\" data-align=\"center\">3.vieta<\/td><td>Dina Ratniece<\/td><\/tr><tr><td>05.12.2025.<\/td><td class=\"has-text-align-center\" data-align=\"center\">V\u0113stures valsts 32.olimpi\u0101de 2.posms<\/td><td class=\"has-text-align-center\" data-align=\"center\">Ritvars Kaufmanis<\/td><td>11.d<\/td><td class=\"has-text-align-center\" data-align=\"center\">1.vieta (uzaicin\u0101ts uz 3.posmu)<\/td><td>Dina Ratniece<\/td><\/tr><tr><td>05.12.2025.<\/td><td class=\"has-text-align-center\" data-align=\"center\">V\u0113stures valsts 32.olimpi\u0101de 2.posms<\/td><td class=\"has-text-align-center\" data-align=\"center\">Elza Just\u012bne Gr\u0101vere<\/td><td>12.a<\/td><td class=\"has-text-align-center\" data-align=\"center\">3.vieta<\/td><td>Dina Ratniece<\/td><\/tr><tr><td>27.11.2025.<\/td><td class=\"has-text-align-center\" data-align=\"center\">Biolo\u0123ijas valsts 48.olimpi\u0101de 2.posms 9.-12.klas\u0113m<\/td><td class=\"has-text-align-center\" data-align=\"center\">Just\u012bne Elza Gr\u0101vere<\/td><td>12.a<\/td><td class=\"has-text-align-center\" data-align=\"center\">1.vieta<\/td><td>V\u0113sma Vijupe<\/td><\/tr><tr><td>27.11.2025.<\/td><td class=\"has-text-align-center\" data-align=\"center\">Biolo\u0123ijas valsts 48.olimpi\u0101de 2.posms 9.-12.klas\u0113m<\/td><td class=\"has-text-align-center\" data-align=\"center\">Marta Zomerfelde<\/td><td>11.a<\/td><td class=\"has-text-align-center\" data-align=\"center\">1.vieta (uzaicin\u0101ts uz 3.posmu)<\/td><td>V\u0113sma Vijupe<\/td><\/tr><tr><td>27.11.2025.<\/td><td class=\"has-text-align-center\" data-align=\"center\">Biolo\u0123ijas valsts 48.olimpi\u0101de 2.posms 9.-12.klas\u0113m<\/td><td class=\"has-text-align-center\" data-align=\"center\">Edv\u012bns Stelma\u010donoks<\/td><td>10.a<\/td><td class=\"has-text-align-center\" data-align=\"center\">1.vieta (uzaicin\u0101ts uz 3.posmu)<\/td><td>V\u0113sma Vijupe<\/td><\/tr><tr><td>27.11.2025.<\/td><td class=\"has-text-align-center\" data-align=\"center\">Biolo\u0123ijas valsts 48.olimpi\u0101de 2.posms 9.-12.klas\u0113m<\/td><td class=\"has-text-align-center\" data-align=\"center\">Ri\u010dards Niedr\u012btis<\/td><td>12.a<\/td><td class=\"has-text-align-center\" data-align=\"center\">2.vieta<\/td><td>V\u0113sma Vijupe<\/td><\/tr><tr><td>27.11.2025.<\/td><td class=\"has-text-align-center\" data-align=\"center\">Biolo\u0123ijas valsts 48.olimpi\u0101de 2.posms 9.-12.klas\u0113m<\/td><td class=\"has-text-align-center\" data-align=\"center\">Ri\u010dards Mednis<\/td><td>10.a<\/td><td class=\"has-text-align-center\" data-align=\"center\">2.vieta (uzaicin\u0101ts uz 3.posmu)<\/td><td>V\u0113sma Vijupe<\/td><\/tr><tr><td>27.11.2025.<\/td><td class=\"has-text-align-center\" data-align=\"center\">Biolo\u0123ijas valsts 48.olimpi\u0101de 9.-12.klas\u0113m<\/td><td class=\"has-text-align-center\" data-align=\"center\">Em\u012blija Harjo<\/td><td>9.a<\/td><td class=\"has-text-align-center\" data-align=\"center\">2.vieta<\/td><td>Rihards Elm\u0101rs Vanka &#8211; Treifelds <\/td><\/tr><tr><td>27.11.2025.<\/td><td class=\"has-text-align-center\" data-align=\"center\">Biolo\u0123ijas valsts 48.olimpi\u0101de 9.-12.klas\u0113m<\/td><td class=\"has-text-align-center\" data-align=\"center\">Olivers V\u0113tra<\/td><td>9.a<\/td><td class=\"has-text-align-center\" data-align=\"center\">2.vieta<\/td><td>Rihards Elm\u0101rs Vanka &#8211; Treifelds <\/td><\/tr><tr><td>27.11.2025.<\/td><td class=\"has-text-align-center\" data-align=\"center\">Biolo\u0123ijas valsts 48.olimpi\u0101de 9.-12.klas\u0113m<\/td><td class=\"has-text-align-center\" data-align=\"center\">J\u0101nis Rudz\u012btis<\/td><td>12.a<\/td><td class=\"has-text-align-center\" data-align=\"center\">3.vieta<\/td><td>V\u0113sma Vijupe<\/td><\/tr><tr><td>27.11.2025.<\/td><td class=\"has-text-align-center\" data-align=\"center\">Biolo\u0123ijas valsts 48.olimpi\u0101de 9.-12.klas\u0113m<\/td><td class=\"has-text-align-center\" data-align=\"center\">Estere Adiene<\/td><td>11.a<\/td><td class=\"has-text-align-center\" data-align=\"center\">3.vieta<\/td><td>V\u0113sma Vijupe<\/td><\/tr><tr><td>27.11.2025.<\/td><td class=\"has-text-align-center\" data-align=\"center\">Biolo\u0123ijas valsts 48.olimpi\u0101de 9.-12.klas\u0113m<\/td><td class=\"has-text-align-center\" data-align=\"center\">Emma Ru\u0161i\u0146a<\/td><td>12.a<\/td><td class=\"has-text-align-center\" data-align=\"center\">Atzin\u012bba<\/td><td>V\u0113sma Vijupe<\/td><\/tr><tr><td>26.11.2025.<\/td><td class=\"has-text-align-center\" data-align=\"center\">Atkl\u0101t\u0101 latvie\u0161u valodas un literat\u016bras olimpi\u0101de<\/td><td class=\"has-text-align-center\" data-align=\"center\">Agnija Tulinska<\/td><td>7.b<\/td><td class=\"has-text-align-center\" data-align=\"center\">Atzin\u012bba<\/td><td>Daila Linde<\/td><\/tr><tr><td>26.11.2025.<\/td><td class=\"has-text-align-center\" data-align=\"center\">Atkl\u0101t\u0101 latvie\u0161u valodas un literat\u016bras olimpi\u0101de<\/td><td class=\"has-text-align-center\" data-align=\"center\">&nbsp;Elza &nbsp;Zomerfelde<\/td><td>7.b<\/td><td class=\"has-text-align-center\" data-align=\"center\">Atzin\u012bba<\/td><td>Daila Linde<\/td><\/tr><tr><td>26.11.2025. <\/td><td class=\"has-text-align-center\" data-align=\"center\">Atkl\u0101t\u0101 latvie\u0161u valodas un literat\u016bras olimpi\u0101de<\/td><td class=\"has-text-align-center\" data-align=\"center\">L\u0101sma Lo\u010dmele<\/td><td>7.a<\/td><td class=\"has-text-align-center\" data-align=\"center\">Atzin\u012bba<\/td><td>Aija Meiere<\/td><\/tr><tr><td>25.11.2025.<\/td><td class=\"has-text-align-center\" data-align=\"center\">Politikas un ties\u012bbu valsts 19. olimpi\u0101de 10.-12. klas\u0113m 2.posms<\/td><td class=\"has-text-align-center\" data-align=\"center\">Ritvars Kaufmanis<\/td><td>11.d<\/td><td class=\"has-text-align-center\" data-align=\"center\">1.vieta (uzaicin\u0101ts uz 3.posmu)<\/td><td>Ligija \u0136emere<\/td><\/tr><tr><td>25.11.2025.<\/td><td class=\"has-text-align-center\" data-align=\"center\">Politikas un ties\u012bbu valsts 19. olimpi\u0101de 10.-12. klas\u0113m 2.posms<\/td><td class=\"has-text-align-center\" data-align=\"center\">Marta Zomerfelde<\/td><td>11.a<\/td><td class=\"has-text-align-center\" data-align=\"center\">2.vieta<\/td><td>Ligija \u0136emere<\/td><\/tr><tr><td>25.11.2025.<\/td><td class=\"has-text-align-center\" data-align=\"center\">Politikas un ties\u012bbu valsts 19. olimpi\u0101de 10.-12. klas\u0113m 2.posms<\/td><td class=\"has-text-align-center\" data-align=\"center\">Just\u012bne Elza Gr\u0101vere<\/td><td>12.a<\/td><td class=\"has-text-align-center\" data-align=\"center\">3.vieta<\/td><td>Ligija \u0136emere<\/td><\/tr><tr><td>06.11.2025.<\/td><td class=\"has-text-align-center\" data-align=\"center\">Ang\u013cu valodas valsts 55. olimpi\u0101de 2. posma  4. &#8211; 6. kla\u0161u grup\u0101<\/td><td class=\"has-text-align-center\" data-align=\"center\">R\u016bdolfs P\u0113tersons<\/td><td>6.a<\/td><td class=\"has-text-align-center\" data-align=\"center\">2.vieta<\/td><td>Anna Morozova<\/td><\/tr><tr><td>06.11.2025.<\/td><td class=\"has-text-align-center\" data-align=\"center\">Ang\u013cu valodas valsts 55. olimpi\u0101de 2. posma  4. &#8211; 7. kla\u0161u grup\u0101<\/td><td class=\"has-text-align-center\" data-align=\"center\">Estere Ozoli\u0146a<\/td><td>5.c<\/td><td class=\"has-text-align-center\" data-align=\"center\">Atzin\u012bba<\/td><td>Elita Lufta<\/td><\/tr><tr><td>05.11.2025.<\/td><td class=\"has-text-align-center\" data-align=\"center\">Ang\u013cu valodas valsts 55. olimpi\u0101de 2. posms7. &#8211; 9. kla\u0161u grup\u0101<\/td><td class=\"has-text-align-center\" data-align=\"center\">Timur Reva<\/td><td>9.d<\/td><td class=\"has-text-align-center\" data-align=\"center\">2.vieta<br>(uzaicin\u0101ts uz 3.posmu)<\/td><td>Jana Lorence<\/td><\/tr><tr><td>05.11.2025.<\/td><td class=\"has-text-align-center\" data-align=\"center\">Ang\u013cu valodas valsts 55. olimpi\u0101de 2. posms 7. &#8211; 9. kla\u0161u grup\u0101<\/td><td class=\"has-text-align-center\" data-align=\"center\">Gustavs Soms<\/td><td>9.b<\/td><td class=\"has-text-align-center\" data-align=\"center\">3.vieta<br>(uzaicin\u0101ts uz 3.posmu)<\/td><td>Elita Lufta<\/td><\/tr><tr><td>05.11.2025.<\/td><td class=\"has-text-align-center\" data-align=\"center\">Ang\u013cu valodas valsts 55. olimpi\u0101de 2. posms  7. &#8211; 9. kla\u0161u grup\u0101<\/td><td class=\"has-text-align-center\" data-align=\"center\">Rodrigo Smirnovs<\/td><td>9.c<\/td><td class=\"has-text-align-center\" data-align=\"center\">Atzin\u012bba<\/td><td>Irina Be\u013cevi\u010da<\/td><\/tr><tr><td>04.11.2025.<\/td><td class=\"has-text-align-center\" data-align=\"center\">Ang\u013cu valodas valsts 55. olimpi\u0101de 2. posms 10. &#8211; 12. kla\u0161u grup\u0101<\/td><td class=\"has-text-align-center\" data-align=\"center\">Harijs Goldmanis<\/td><td>12.a<\/td><td class=\"has-text-align-center\" data-align=\"center\">1.vieta<br>(uzaicin\u0101ts uz 2.posmu)<\/td><td>Agnese Ratniece<\/td><\/tr><tr><td>04.11.2025.<\/td><td class=\"has-text-align-center\" data-align=\"center\"><strong>&nbsp;<\/strong>Ang\u013cu valodas valsts 55. olimpi\u0101de 2. posms 10. &#8211; 12. kla\u0161u grup\u0101<\/td><td class=\"has-text-align-center\" data-align=\"center\">Evans Nikolass Reinolds<\/td><td>10.b<\/td><td class=\"has-text-align-center\" data-align=\"center\">3.vieta<\/td><td>Agnese Ratniece<\/td><\/tr><tr><td>02.11.2025.<\/td><td class=\"has-text-align-center\" data-align=\"center\">Atkl\u0101t\u0101 matem\u0101tikas olimpi\u0101de<\/td><td class=\"has-text-align-center\" data-align=\"center\">Gustavs Soms<\/td><td>9.b<\/td><td class=\"has-text-align-center\" data-align=\"center\">3.vieta<\/td><td>Ruta \u0160tromane<\/td><\/tr><tr><td>02.11.2025.<\/td><td class=\"has-text-align-center\" data-align=\"center\">Atkl\u0101t\u0101 matem\u0101tikas olimpi\u0101de<\/td><td class=\"has-text-align-center\" data-align=\"center\">Reina Gr\u012bn\u0161teina<\/td><td>6.c<\/td><td class=\"has-text-align-center\" data-align=\"center\">3.vieta<\/td><td>Ruta \u0160tromane<\/td><\/tr><tr><td><strong>Datums<\/strong><\/td><td class=\"has-text-align-center\" data-align=\"center\"><strong>Nosaukums<\/strong><\/td><td class=\"has-text-align-center\" data-align=\"center\"><strong>Skol\u0113ns<\/strong><\/td><td><strong>Klase<\/strong><\/td><td class=\"has-text-align-center\" data-align=\"center\"><strong>Apbalvojums<\/strong><\/td><td><strong>Skolot\u0101js<\/strong><\/td><\/tr><tr><td><\/td><td class=\"has-text-align-center\" data-align=\"center\"><strong><em>Sports,<\/em><\/strong><\/td><td class=\"has-text-align-center\" data-align=\"center\"><strong><em> m\u0101ksla<\/em><\/strong>,<\/td><td><strong><em>dai\u013crade<\/em><\/strong><\/td><td class=\"has-text-align-center\" data-align=\"center\"><\/td><td><\/td><\/tr><tr><td>28.04.2026.<\/td><td class=\"has-text-align-center\" data-align=\"center\">VisLatvijas Skolu \u0161aha olimpi\u0101des fin\u0101ls<\/td><td class=\"has-text-align-center\" data-align=\"center\">Just\u012bne Elza Gr\u0101vere<\/td><td>12.a<\/td><td class=\"has-text-align-center\" data-align=\"center\">1.vieta<\/td><td>&#8211;<\/td><\/tr><tr><td>24.04.2026.<\/td><td class=\"has-text-align-center\" data-align=\"center\">Sacens\u012bbas \u201cOlimpisk\u0101 diena 2026\u201d individu\u0101l\u0101 discipl\u012bna 37 metru skr\u0113jiens<\/td><td class=\"has-text-align-center\" data-align=\"center\">Ratmirs Fedjunovs<\/td><td>5.d<\/td><td class=\"has-text-align-center\" data-align=\"center\">3.vieta<\/td><td>Svetlana Seme\u0161ina<\/td><\/tr><tr><td>24.04.2026.<\/td><td class=\"has-text-align-center\" data-align=\"center\">Sacens\u012bbas \u201cOlimpisk\u0101 diena 2026\u201d 5. &#8211; 6. kla\u0161u komanda<\/td><td class=\"has-text-align-center\" data-align=\"center\">Artemijs \u0160argorodskis<\/td><td>5.e<\/td><td class=\"has-text-align-center\" data-align=\"center\">3.vieta<\/td><td>Svetlana Seme\u0161ina<\/td><\/tr><tr><td>24.04.2026.<\/td><td class=\"has-text-align-center\" data-align=\"center\">Sacens\u012bbas \u201cOlimpisk\u0101 diena 2026\u201d 5. &#8211; 6. kla\u0161u komanda<\/td><td class=\"has-text-align-center\" data-align=\"center\">Milada Smirnova<\/td><td>5.e<\/td><td class=\"has-text-align-center\" data-align=\"center\">3.vieta<\/td><td>Svetlana Seme\u0161ina<\/td><\/tr><tr><td>24.04.2026.<\/td><td class=\"has-text-align-center\" data-align=\"center\">Sacens\u012bbas \u201cOlimpisk\u0101 diena 2026\u201d 5. &#8211; 6. kla\u0161u komanda<\/td><td class=\"has-text-align-center\" data-align=\"center\">Alisa Kurtena<\/td><td>5.e<\/td><td class=\"has-text-align-center\" data-align=\"center\">3.vieta<\/td><td>Svetlana Seme\u0161ina<\/td><\/tr><tr><td>24.04.2026.<\/td><td class=\"has-text-align-center\" data-align=\"center\">Sacens\u012bbas \u201cOlimpisk\u0101 diena 2026\u201d 5. &#8211; 6. kla\u0161u komanda<\/td><td class=\"has-text-align-center\" data-align=\"center\">Juliana Fadejeva<\/td><td>5.e<\/td><td class=\"has-text-align-center\" data-align=\"center\">3.vieta<\/td><td>Svetlana Seme\u0161ina<\/td><\/tr><tr><td>24.04.2026.<\/td><td class=\"has-text-align-center\" data-align=\"center\">Sacens\u012bbas \u201cOlimpisk\u0101 diena 2026\u201d 5. &#8211; 6. kla\u0161u komanda<\/td><td class=\"has-text-align-center\" data-align=\"center\">Vladimirs \u0160\u010dukins<\/td><td>5.d<\/td><td class=\"has-text-align-center\" data-align=\"center\">3.vieta<\/td><td>Svetlana Seme\u0161ina<\/td><\/tr><tr><td>24.04.2026.<\/td><td class=\"has-text-align-center\" data-align=\"center\">Sacens\u012bbas \u201cOlimpisk\u0101 diena 2026\u201d 5. &#8211; 6. kla\u0161u komanda<\/td><td class=\"has-text-align-center\" data-align=\"center\">Ratmirs Fedjunovs<\/td><td>5.d<\/td><td class=\"has-text-align-center\" data-align=\"center\">3.vieta<\/td><td>Svetlana Seme\u0161ina<\/td><\/tr><tr><td>24.04.2026.<\/td><td class=\"has-text-align-center\" data-align=\"center\">Sacens\u012bbas \u201cOlimpisk\u0101 diena 2026\u201d 5. &#8211; 6. kla\u0161u komanda<\/td><td class=\"has-text-align-center\" data-align=\"center\">Marianna Gavrilova<\/td><td>5.d<\/td><td class=\"has-text-align-center\" data-align=\"center\">3.vieta<\/td><td>Svetlana Seme\u0161ina<\/td><\/tr><tr><td>24.04.2026.<\/td><td class=\"has-text-align-center\" data-align=\"center\">Sacens\u012bbas \u201cOlimpisk\u0101 diena 2026\u201d 5. &#8211; 6. kla\u0161u komanda<\/td><td class=\"has-text-align-center\" data-align=\"center\">Mija Ozoli\u0146a<\/td><td>5.d<\/td><td class=\"has-text-align-center\" data-align=\"center\">3.vieta<\/td><td>Svetlana Seme\u0161ina<\/td><\/tr><tr><td>24.04.2026.<\/td><td class=\"has-text-align-center\" data-align=\"center\">Sacens\u012bbas \u201cOlimpisk\u0101 diena 2026\u201d 5. &#8211; 6. kla\u0161u komanda<\/td><td class=\"has-text-align-center\" data-align=\"center\">Daniils \u0160utovs<\/td><td>5.d<\/td><td class=\"has-text-align-center\" data-align=\"center\">3.vieta<\/td><td>Svetlana Seme\u0161ina<\/td><\/tr><tr><td>24.04.2026.<\/td><td class=\"has-text-align-center\" data-align=\"center\">Sacens\u012bbas \u201cOlimpisk\u0101 diena 2026\u201d 5. &#8211; 6. kla\u0161u komanda<\/td><td class=\"has-text-align-center\" data-align=\"center\">Dmitrijs Tatarinovs<\/td><td>5.d<\/td><td class=\"has-text-align-center\" data-align=\"center\">3.vieta<\/td><td>Svetlana Seme\u0161ina<\/td><\/tr><tr><td>24.04.2026.<\/td><td class=\"has-text-align-center\" data-align=\"center\">Sacens\u012bbas \u201cOlimpisk\u0101 diena 2026\u201d 1. &#8211; 4. kla\u0161u komanda<\/td><td class=\"has-text-align-center\" data-align=\"center\">Nikole Zadoro\u017e\u0146eva<\/td><td>4.e<\/td><td class=\"has-text-align-center\" data-align=\"center\">3.vieta<\/td><td>Svetlana Seme\u0161ina<\/td><\/tr><tr><td>24.04.2026.<\/td><td class=\"has-text-align-center\" data-align=\"center\">Sacens\u012bbas \u201cOlimpisk\u0101 diena 2026\u201d 1. &#8211; 4. kla\u0161u komanda<\/td><td class=\"has-text-align-center\" data-align=\"center\">Sofija Moz\u017eerina<\/td><td>4.e<\/td><td class=\"has-text-align-center\" data-align=\"center\">3.vieta<\/td><td>Svetlana Seme\u0161ina<\/td><\/tr><tr><td>24.04.2026.<\/td><td class=\"has-text-align-center\" data-align=\"center\">Sacens\u012bbas \u201cOlimpisk\u0101 diena 2026\u201d 1. &#8211; 4. kla\u0161u komanda<\/td><td class=\"has-text-align-center\" data-align=\"center\">A\u013cisa Tere\u0161ko<\/td><td>4.e<\/td><td class=\"has-text-align-center\" data-align=\"center\">3.vieta<\/td><td>Svetlana Seme\u0161ina<\/td><\/tr><tr><td>24.04.2026.<\/td><td class=\"has-text-align-center\" data-align=\"center\">Sacens\u012bbas \u201cOlimpisk\u0101 diena 2026\u201d 1. &#8211; 4. kla\u0161u komanda<\/td><td class=\"has-text-align-center\" data-align=\"center\">Zlata Pivarovi\u010da<\/td><td>4.e<\/td><td class=\"has-text-align-center\" data-align=\"center\">3.vieta<\/td><td>Svetlana Seme\u0161ina<\/td><\/tr><tr><td>24.04.2026.<\/td><td class=\"has-text-align-center\" data-align=\"center\">Sacens\u012bbas \u201cOlimpisk\u0101 diena 2026\u201d 1. &#8211; 4. kla\u0161u komanda<\/td><td class=\"has-text-align-center\" data-align=\"center\">Deniss Trofimovs<\/td><td>4.e<\/td><td class=\"has-text-align-center\" data-align=\"center\">3.vieta<\/td><td>Svetlana Seme\u0161ina<\/td><\/tr><tr><td>24.04.2026.<\/td><td class=\"has-text-align-center\" data-align=\"center\">Sacens\u012bbas \u201cOlimpisk\u0101 diena 2026\u201d 1. &#8211; 4. kla\u0161u komanda<\/td><td class=\"has-text-align-center\" data-align=\"center\">Mihails \u010cerni\u0161ovs<\/td><td>4.d<\/td><td class=\"has-text-align-center\" data-align=\"center\">3.vieta<\/td><td>Svetlana Seme\u0161ina<\/td><\/tr><tr><td>24.04.2026.<\/td><td class=\"has-text-align-center\" data-align=\"center\">Sacens\u012bbas \u201cOlimpisk\u0101 diena 2026\u201d 1. &#8211; 4. kla\u0161u komanda<\/td><td class=\"has-text-align-center\" data-align=\"center\">Jelizaveta Tatarinova<\/td><td>3.d<\/td><td class=\"has-text-align-center\" data-align=\"center\">3.vieta<\/td><td>Svetlana Seme\u0161ina<\/td><\/tr><tr><td>24.04.2026.<\/td><td class=\"has-text-align-center\" data-align=\"center\">Sacens\u012bbas \u201cOlimpisk\u0101 diena 2026\u201d 1. &#8211; 4. kla\u0161u komanda<\/td><td class=\"has-text-align-center\" data-align=\"center\">Bogdans Kuzmins<\/td><td>3.d<\/td><td class=\"has-text-align-center\" data-align=\"center\">3.vieta<\/td><td>Svetlana Seme\u0161ina<\/td><\/tr><tr><td>24.04.2026.<\/td><td class=\"has-text-align-center\" data-align=\"center\">Sacens\u012bbas \u201cOlimpisk\u0101 diena 2026\u201d 1. &#8211; 4. kla\u0161u komanda<\/td><td class=\"has-text-align-center\" data-align=\"center\">Vasilijs Jo\u010duns<\/td><td>3.d<\/td><td class=\"has-text-align-center\" data-align=\"center\">3.vieta<\/td><td>Svetlana Seme\u0161ina<\/td><\/tr><tr><td>09.04.2026.<\/td><td class=\"has-text-align-center\" data-align=\"center\">J\u016brmalas skol\u0113nu sacens\u012bb\u0101s florbol\u0101 (10.\u201312. kla\u0161u grupa)<\/td><td class=\"has-text-align-center\" data-align=\"center\">Ri\u010dards Kuma\u010devs<\/td><td>12.a<\/td><td class=\"has-text-align-center\" data-align=\"center\">3.vieta<\/td><td>M\u0101ris Meiers<\/td><\/tr><tr><td>09.04.2026.<\/td><td class=\"has-text-align-center\" data-align=\"center\">J\u016brmalas skol\u0113nu sacens\u012bb\u0101s florbol\u0101 (10.\u201312. kla\u0161u grupa)<\/td><td class=\"has-text-align-center\" data-align=\"center\">Markuss \u0145esterovskis<\/td><td>12.b<\/td><td class=\"has-text-align-center\" data-align=\"center\">3.vieta<\/td><td>M\u0101ris Meiers<\/td><\/tr><tr><td>09.04.2026.<\/td><td class=\"has-text-align-center\" data-align=\"center\">J\u016brmalas skol\u0113nu sacens\u012bb\u0101s florbol\u0101 (10.\u201312. kla\u0161u grupa)<\/td><td class=\"has-text-align-center\" data-align=\"center\">Toms Kalnmeiers<\/td><td>12.b<\/td><td class=\"has-text-align-center\" data-align=\"center\">3.vieta<\/td><td>M\u0101ris Meiers<\/td><\/tr><tr><td>09.04.2026.<\/td><td class=\"has-text-align-center\" data-align=\"center\">J\u016brmalas skol\u0113nu sacens\u012bb\u0101s florbol\u0101 (10.\u201312. kla\u0161u grupa)<\/td><td class=\"has-text-align-center\" data-align=\"center\">Kri\u0161j\u0101nis \u017duks<\/td><td>12.d<\/td><td class=\"has-text-align-center\" data-align=\"center\">3.vieta<\/td><td>M\u0101ris Meiers<\/td><\/tr><tr><td>09.04.2026.<\/td><td class=\"has-text-align-center\" data-align=\"center\">J\u016brmalas skol\u0113nu sacens\u012bb\u0101s florbol\u0101 (10.\u201312. kla\u0161u grupa)<\/td><td class=\"has-text-align-center\" data-align=\"center\">Aigars Jansons<\/td><td>11.b<\/td><td class=\"has-text-align-center\" data-align=\"center\">3.vieta<\/td><td>M\u0101ris Meiers<\/td><\/tr><tr><td>09.04.2026.<\/td><td class=\"has-text-align-center\" data-align=\"center\">J\u016brmalas skol\u0113nu sacens\u012bb\u0101s florbol\u0101 (10.\u201312. kla\u0161u grupa)<\/td><td class=\"has-text-align-center\" data-align=\"center\">Reinis Hom\u010denko<\/td><td>11.b<\/td><td class=\"has-text-align-center\" data-align=\"center\">3.vieta<\/td><td>M\u0101ris Meiers<\/td><\/tr><tr><td>09.04.2026.<\/td><td class=\"has-text-align-center\" data-align=\"center\">J\u016brmalas skol\u0113nu sacens\u012bb\u0101s florbol\u0101 (10.\u201312. kla\u0161u grupa)<\/td><td class=\"has-text-align-center\" data-align=\"center\">J\u0101nis Bru\u0161evics<\/td><td>11.b<\/td><td class=\"has-text-align-center\" data-align=\"center\">3.vieta<\/td><td>M\u0101ris Meiers<\/td><\/tr><tr><td>09.04.2026.<\/td><td class=\"has-text-align-center\" data-align=\"center\">J\u016brmalas skol\u0113nu sacens\u012bb\u0101s florbol\u0101 (10.\u201312. kla\u0161u grupa)<\/td><td class=\"has-text-align-center\" data-align=\"center\">Roberts B\u0113rzi\u0146\u0161<\/td><td>10.b<\/td><td class=\"has-text-align-center\" data-align=\"center\">3.vieta<\/td><td>M\u0101ris Meiers<\/td><\/tr><tr><td>09.04.2026.<\/td><td class=\"has-text-align-center\" data-align=\"center\">J\u016brmalas skol\u0113nu sacens\u012bb\u0101s florbol\u0101 (10.\u201312. kla\u0161u grupa)<\/td><td class=\"has-text-align-center\" data-align=\"center\">Valters Vel\u0161s<\/td><td>8.a<\/td><td class=\"has-text-align-center\" data-align=\"center\">3.vieta<\/td><td>M\u0101ris Meiers<\/td><\/tr><tr><td>26.03.2026.<\/td><td class=\"has-text-align-center\" data-align=\"center\">J\u016brmalas skol\u0113nu sacens\u012bb\u0101s florbol\u0101 (7.\u20139. kla\u0161u grupa)<\/td><td class=\"has-text-align-center\" data-align=\"center\">Braens Rudens<\/td><td>9.c<\/td><td class=\"has-text-align-center\" data-align=\"center\">1.vieta<\/td><td>M\u0101ris Meiers<\/td><\/tr><tr><td>26.03.2026.<\/td><td class=\"has-text-align-center\" data-align=\"center\">J\u016brmalas skol\u0113nu sacens\u012bb\u0101s florbol\u0101 (7.\u20139. kla\u0161u grupa)<\/td><td class=\"has-text-align-center\" data-align=\"center\">Arno Toma\u0161evics<\/td><td>9.c<\/td><td class=\"has-text-align-center\" data-align=\"center\">1.vieta<\/td><td>M\u0101ris Meiers<\/td><\/tr><tr><td>26.03.2026.<\/td><td class=\"has-text-align-center\" data-align=\"center\">J\u016brmalas skol\u0113nu sacens\u012bb\u0101s florbol\u0101 (7.\u20139. kla\u0161u grupa)<\/td><td class=\"has-text-align-center\" data-align=\"center\">Martins Ti\u0161kus<\/td><td>9.c<\/td><td class=\"has-text-align-center\" data-align=\"center\">1.vieta<\/td><td>M\u0101ris Meiers<\/td><\/tr><tr><td>26.03.2026.<\/td><td class=\"has-text-align-center\" data-align=\"center\">J\u016brmalas skol\u0113nu sacens\u012bb\u0101s florbol\u0101 (7.\u20139. kla\u0161u grupa)<\/td><td class=\"has-text-align-center\" data-align=\"center\">Otto Varkalis<\/td><td>9.b<\/td><td class=\"has-text-align-center\" data-align=\"center\">1.vieta<\/td><td>M\u0101ris Meiers<\/td><\/tr><tr><td>26.03.2026.<\/td><td class=\"has-text-align-center\" data-align=\"center\">J\u016brmalas skol\u0113nu sacens\u012bb\u0101s florbol\u0101 (7.\u20139. kla\u0161u grupa)<\/td><td class=\"has-text-align-center\" data-align=\"center\">Stefans Strazdi\u0146\u0161<\/td><td>9.a<\/td><td class=\"has-text-align-center\" data-align=\"center\">1.vieta<\/td><td>M\u0101ris Meiers<\/td><\/tr><tr><td>26.03.2026.<\/td><td class=\"has-text-align-center\" data-align=\"center\">J\u016brmalas skol\u0113nu sacens\u012bb\u0101s florbol\u0101 (7.\u20139. kla\u0161u grupa)<\/td><td class=\"has-text-align-center\" data-align=\"center\">Olivers V\u0113tra<\/td><td>9.a<\/td><td class=\"has-text-align-center\" data-align=\"center\">1.vieta<\/td><td>M\u0101ris Meiers<\/td><\/tr><tr><td>26.03.2026.<\/td><td class=\"has-text-align-center\" data-align=\"center\">J\u016brmalas skol\u0113nu sacens\u012bb\u0101s florbol\u0101 (7.\u20139. kla\u0161u grupa)<\/td><td class=\"has-text-align-center\" data-align=\"center\">J\u0101nis Priedi\u0146\u0161<\/td><td>9.a<\/td><td class=\"has-text-align-center\" data-align=\"center\">1.vieta<\/td><td>M\u0101ris Meiers<\/td><\/tr><tr><td>26.03.2026.<\/td><td class=\"has-text-align-center\" data-align=\"center\">J\u016brmalas skol\u0113nu sacens\u012bb\u0101s florbol\u0101 (7.\u20139. kla\u0161u grupa)<\/td><td class=\"has-text-align-center\" data-align=\"center\">Aleksandrs Janaitis<\/td><td>8.c<\/td><td class=\"has-text-align-center\" data-align=\"center\">1.vieta<\/td><td>M\u0101ris Meiers<\/td><\/tr><tr><td>26.03.2026.<\/td><td class=\"has-text-align-center\" data-align=\"center\">J\u016brmalas skol\u0113nu sacens\u012bb\u0101s florbol\u0101 (7.\u20139. kla\u0161u grupa)<\/td><td class=\"has-text-align-center\" data-align=\"center\">Viesturs Kolzins<\/td><td>7.b<\/td><td class=\"has-text-align-center\" data-align=\"center\">1.vieta<\/td><td>M\u0101ris Meiers<\/td><\/tr><tr><td>26.03.2026.<\/td><td class=\"has-text-align-center\" data-align=\"center\">J\u016brmalas skol\u0113nu sacens\u012bb\u0101s florbol\u0101 (7.\u20139. kla\u0161u grupa)<\/td><td class=\"has-text-align-center\" data-align=\"center\">Toms Tillers<\/td><td>7.a<\/td><td class=\"has-text-align-center\" data-align=\"center\">1.vieta<\/td><td>M\u0101ris Meiers<\/td><\/tr><tr><td>26.03.2026.<\/td><td class=\"has-text-align-center\" data-align=\"center\">J\u016brmalas skol\u0113nu sacens\u012bb\u0101s florbol\u0101 (7.\u20139. kla\u0161u grupa)<\/td><td class=\"has-text-align-center\" data-align=\"center\">Adrians Ilsj\u0101ns<\/td><td>7.a<\/td><td class=\"has-text-align-center\" data-align=\"center\">1.vieta<\/td><td>M\u0101ris Meiers<\/td><\/tr><tr><td>26.03.2026.<\/td><td class=\"has-text-align-center\" data-align=\"center\">J\u016brmalas skol\u0113nu sacens\u012bb\u0101s florbol\u0101 (7.\u20139. kla\u0161u grupa)<\/td><td class=\"has-text-align-center\" data-align=\"center\">Ri\u010dards Gr\u012bnbergs<\/td><td>7.a<\/td><td class=\"has-text-align-center\" data-align=\"center\">1.vieta<\/td><td>M\u0101ris Meiers<\/td><\/tr><tr><td>26.03.2026.<\/td><td class=\"has-text-align-center\" data-align=\"center\">J\u016brmalas skol\u0113nu sacens\u012bb\u0101s florbol\u0101 (7.\u20139. kla\u0161u grupa)<\/td><td class=\"has-text-align-center\" data-align=\"center\">Art\u016brs \u0160adurskis<\/td><td>6.b<\/td><td class=\"has-text-align-center\" data-align=\"center\">1.vieta<\/td><td>M\u0101ris Meiers<\/td><\/tr><tr><td>26.03.2026.<\/td><td class=\"has-text-align-center\" data-align=\"center\">Pier\u012bgas re\u0123iona skatuves runas konkurss<\/td><td class=\"has-text-align-center\" data-align=\"center\">Jur\u0123is Binders<\/td><td>9.b<\/td><td class=\"has-text-align-center\" data-align=\"center\">1.pak\u0101pe<\/td><td>Agrita Br\u016bna<\/td><\/tr><tr><td>19.02.2026.<\/td><td class=\"has-text-align-center\" data-align=\"center\">Basketbola sacens\u012bbas J\u016brmal\u0101<\/td><td class=\"has-text-align-center\" data-align=\"center\">Elza \u0160vedenberga<\/td><td>9.b<\/td><td class=\"has-text-align-center\" data-align=\"center\">1.vieta<\/td><td>Ieva T\u0101re<\/td><\/tr><tr><td>19.02.2026.<\/td><td class=\"has-text-align-center\" data-align=\"center\">Basketbola sacens\u012bbas J\u016brmal\u0101<\/td><td class=\"has-text-align-center\" data-align=\"center\">Ramona Bautre<\/td><td>9.b<\/td><td class=\"has-text-align-center\" data-align=\"center\">1.vieta<\/td><td>Ieva T\u0101re<\/td><\/tr><tr><td>19.02.2026.<\/td><td class=\"has-text-align-center\" data-align=\"center\">Basketbola sacens\u012bbas J\u016brmal\u0101<\/td><td class=\"has-text-align-center\" data-align=\"center\">Daniela Gudele<\/td><td>9.b<\/td><td class=\"has-text-align-center\" data-align=\"center\">1.vieta<\/td><td>Ieva T\u0101re<\/td><\/tr><tr><td>19.02.2026.<\/td><td class=\"has-text-align-center\" data-align=\"center\">Basketbola sacens\u012bbas J\u016brmal\u0101<\/td><td class=\"has-text-align-center\" data-align=\"center\">Estere A\u013ceksejeva<\/td><td>8.b<\/td><td class=\"has-text-align-center\" data-align=\"center\">1.vieta<\/td><td>Ieva T\u0101re<\/td><\/tr><tr><td>19.02.2026.<\/td><td class=\"has-text-align-center\" data-align=\"center\">Basketbola sacens\u012bbas J\u016brmal\u0101<\/td><td class=\"has-text-align-center\" data-align=\"center\">Mel\u0101nija Ieva S\u012bpoli\u0146a<\/td><td>8.a<\/td><td class=\"has-text-align-center\" data-align=\"center\">1.vieta<\/td><td>Ieva T\u0101re<\/td><\/tr><tr><td>19.02.2026.<\/td><td class=\"has-text-align-center\" data-align=\"center\">Basketbola sacens\u012bbas J\u016brmal\u0101<\/td><td class=\"has-text-align-center\" data-align=\"center\">Karl\u012bna Krivi\u0161a<\/td><td>7.a<\/td><td class=\"has-text-align-center\" data-align=\"center\">1.vieta<\/td><td>Ieva T\u0101re<\/td><\/tr><tr><td>19.02.2026.<\/td><td class=\"has-text-align-center\" data-align=\"center\">Basketbola sacens\u012bbas J\u016brmal\u0101<\/td><td class=\"has-text-align-center\" data-align=\"center\">D\u0101rta Laima Muceniece<\/td><td>7.a<\/td><td class=\"has-text-align-center\" data-align=\"center\">1.vieta<\/td><td>Ieva T\u0101re<\/td><\/tr><tr><td>11.02.2026.<\/td><td class=\"has-text-align-center\" data-align=\"center\">J\u016brmalas skol\u0113nu skatuves runas m\u0101kslas konkurss \u201cJ\u016bras mal\u0101\u201d<br>10. &#8211; 12. kla\u0161u grupa<\/td><td class=\"has-text-align-center\" data-align=\"center\">Be\u0101te Binnija Basevi\u010da<\/td><td>11.a<\/td><td class=\"has-text-align-center\" data-align=\"center\">3.vieta<\/td><td>Agrita Br\u016bna<\/td><\/tr><tr><td>11.02.2026.<\/td><td class=\"has-text-align-center\" data-align=\"center\">J\u016brmalas skol\u0113nu skatuves runas m\u0101kslas konkurss \u201cJ\u016bras mal\u0101\u201d<br>10. &#8211; 12. kla\u0161u grupa<\/td><td class=\"has-text-align-center\" data-align=\"center\">Daniels Strods<\/td><td>11.b<\/td><td class=\"has-text-align-center\" data-align=\"center\">2.vieta<\/td><td>Irita Embrekte<\/td><\/tr><tr><td>11.02.2026.<\/td><td class=\"has-text-align-center\" data-align=\"center\">J\u016brmalas skol\u0113nu skatuves runas m\u0101kslas konkurss \u201cJ\u016bras mal\u0101\u201d<br>7. &#8211; 9. kla\u0161u grupa<\/td><td class=\"has-text-align-center\" data-align=\"center\">El\u012bza Ru\u0161i\u0146a<\/td><td>8.a<\/td><td class=\"has-text-align-center\" data-align=\"center\">2.vieta<\/td><td>Dace Vanc\u0101ne<\/td><\/tr><tr><td>11.02.2026.<\/td><td class=\"has-text-align-center\" data-align=\"center\">J\u016brmalas skol\u0113nu skatuves runas m\u0101kslas konkurss \u201cJ\u016bras mal\u0101\u201d<br>7. &#8211; 9. kla\u0161u grupa<\/td><td class=\"has-text-align-center\" data-align=\"center\">Jur\u0123is Binders<\/td><td>9.b<\/td><td class=\"has-text-align-center\" data-align=\"center\">1.vieta<\/td><td>Agrita Br\u016bna<\/td><\/tr><tr><td>11.02.2026.<\/td><td class=\"has-text-align-center\" data-align=\"center\">J\u016brmalas skol\u0113nu skatuves runas m\u0101kslas konkurss \u201cJ\u016bras mal\u0101\u201d<br>4. &#8211; 6. kla\u0161u grupa<\/td><td class=\"has-text-align-center\" data-align=\"center\">Semeon Kovalevsky<\/td><td>4.c<\/td><td class=\"has-text-align-center\" data-align=\"center\">3.vieta<\/td><td>\u0112rika Leisa<\/td><\/tr><tr><td>11.02.2026.<\/td><td class=\"has-text-align-center\" data-align=\"center\">J\u016brmalas skol\u0113nu skatuves runas m\u0101kslas konkurss \u201cJ\u016bras mal\u0101\u201d<br>2. &#8211; 3. kla\u0161u grupa<\/td><td class=\"has-text-align-center\" data-align=\"center\">Marl\u0113na Liepa<\/td><td>3.c<\/td><td class=\"has-text-align-center\" data-align=\"center\">2.vieta<\/td><td>Rita Kronberga<\/td><\/tr><tr><td>11.02.2026.<\/td><td class=\"has-text-align-center\" data-align=\"center\">J\u016brmalas skol\u0113nu skatuves runas m\u0101kslas konkurss \u201cJ\u016bras mal\u0101\u201d<br>1.kla\u0161u grupa<\/td><td class=\"has-text-align-center\" data-align=\"center\">Maija Karlovska<\/td><td>1.a<\/td><td class=\"has-text-align-center\" data-align=\"center\">3.vieta<\/td><td>Anita Ru\u0161i\u0146a<\/td><\/tr><tr><td>11.02.2026.<\/td><td class=\"has-text-align-center\" data-align=\"center\">J\u016brmalas skol\u0113nu skatuves runas m\u0101kslas konkurss \u201cJ\u016bras mal\u0101\u201d<br>1.kla\u0161u grupa<\/td><td class=\"has-text-align-center\" data-align=\"center\">Emma Nosika<\/td><td>1.d<\/td><td class=\"has-text-align-center\" data-align=\"center\">2.vieta<\/td><td>Sanita Dak\u0161a<\/td><\/tr><tr><td>04.02.2026.<\/td><td class=\"has-text-align-center\" data-align=\"center\">Sacens\u012bbas sp\u0113le \u201cTautas bumba&#8221;<\/td><td class=\"has-text-align-center\" data-align=\"center\">Konr\u0101ds Lag\u016bns<\/td><td>5.a<\/td><td class=\"has-text-align-center\" data-align=\"center\">2.vieta<\/td><td>M\u0101ris Meiers<\/td><\/tr><tr><td>04.02.2026.<\/td><td class=\"has-text-align-center\" data-align=\"center\">Sacens\u012bbas sp\u0113le \u201cTautas bumba&#8221;<\/td><td class=\"has-text-align-center\" data-align=\"center\">Toms Sturme-Iecelnieks<\/td><td>5.a<\/td><td class=\"has-text-align-center\" data-align=\"center\">2.vieta<\/td><td>M\u0101ris Meiers<\/td><\/tr><tr><td>04.02.2026.<\/td><td class=\"has-text-align-center\" data-align=\"center\">Sacens\u012bbas sp\u0113le \u201cTautas bumba&#8221;<\/td><td class=\"has-text-align-center\" data-align=\"center\">Leonards Harjo<\/td><td>5.a<\/td><td class=\"has-text-align-center\" data-align=\"center\">2.vieta<\/td><td>M\u0101ris Meiers<\/td><\/tr><tr><td>04.02.2026.<\/td><td class=\"has-text-align-center\" data-align=\"center\">Sacens\u012bbas sp\u0113le \u201cTautas bumba&#8221;<\/td><td class=\"has-text-align-center\" data-align=\"center\">Kristers Milbergs<\/td><td>5.a<\/td><td class=\"has-text-align-center\" data-align=\"center\">2.vieta<\/td><td>M\u0101ris Meiers<\/td><\/tr><tr><td>04.02.2026.<\/td><td class=\"has-text-align-center\" data-align=\"center\">Sacens\u012bbas sp\u0113le \u201cTautas bumba&#8221;<\/td><td class=\"has-text-align-center\" data-align=\"center\">Kristians Kauli\u0146\u0161<\/td><td>5.b<\/td><td class=\"has-text-align-center\" data-align=\"center\">2.vieta<\/td><td>M\u0101ris Meiers<\/td><\/tr><tr><td>04.02.2026.<\/td><td class=\"has-text-align-center\" data-align=\"center\">Sacens\u012bbas sp\u0113le \u201cTautas bumba&#8221;<\/td><td class=\"has-text-align-center\" data-align=\"center\">Adrians Alnis<\/td><td>5.b<\/td><td class=\"has-text-align-center\" data-align=\"center\">2.vieta<\/td><td>M\u0101ris Meiers<\/td><\/tr><tr><td>04.02.2026.<\/td><td class=\"has-text-align-center\" data-align=\"center\">Sacens\u012bbas sp\u0113le \u201cTautas bumba&#8221;<\/td><td class=\"has-text-align-center\" data-align=\"center\">M\u0101ris K\u013cavi\u0146\u0161<\/td><td>5.b<\/td><td class=\"has-text-align-center\" data-align=\"center\">2.vieta<\/td><td>M\u0101ris Meiers<\/td><\/tr><tr><td>04.02.2026.<\/td><td class=\"has-text-align-center\" data-align=\"center\">Sacens\u012bbas sp\u0113le \u201cTautas bumba&#8221;<\/td><td class=\"has-text-align-center\" data-align=\"center\">Boriss Moldavskis<\/td><td>5.b<\/td><td class=\"has-text-align-center\" data-align=\"center\">2.vieta<\/td><td>M\u0101ris Meiers<\/td><\/tr><tr><td>04.02.2026.<\/td><td class=\"has-text-align-center\" data-align=\"center\">Sacens\u012bbas sp\u0113le \u201cTautas bumba&#8221;<\/td><td class=\"has-text-align-center\" data-align=\"center\">Aleksejs Romanovs<\/td><td>5.b<\/td><td class=\"has-text-align-center\" data-align=\"center\">2.vieta<\/td><td>M\u0101ris Meiers<\/td><\/tr><tr><td>04.02.2026.<\/td><td class=\"has-text-align-center\" data-align=\"center\">Sacens\u012bbas sp\u0113le \u201cTautas bumba&#8221;<\/td><td class=\"has-text-align-center\" data-align=\"center\">Svens Gustavs V\u012btoli\u0146\u0161<\/td><td>5.b<\/td><td class=\"has-text-align-center\" data-align=\"center\">2.vieta<\/td><td>M\u0101ris Meiers<\/td><\/tr><tr><td>04.02.2026.<\/td><td class=\"has-text-align-center\" data-align=\"center\">Sacens\u012bbas sp\u0113le \u201cTautas bumba&#8221;<\/td><td class=\"has-text-align-center\" data-align=\"center\">Daniils \u0160utovs<\/td><td>5.e<\/td><td class=\"has-text-align-center\" data-align=\"center\">2.vieta<\/td><td>Svetlana Seme\u0161ina<\/td><\/tr><tr><td>04.02.2026.<\/td><td class=\"has-text-align-center\" data-align=\"center\">Sacens\u012bbas sp\u0113le \u201cTautas bumba&#8221;<\/td><td class=\"has-text-align-center\" data-align=\"center\">Romans Vorobjovs<\/td><td>5.d<\/td><td class=\"has-text-align-center\" data-align=\"center\">2.vieta<\/td><td>Svetlana Seme\u0161ina<\/td><\/tr><tr><td>29.01.2026.<\/td><td class=\"has-text-align-center\" data-align=\"center\">Sacens\u012bbas sp\u0113le \u201cTautas bumba&#8221;<\/td><td class=\"has-text-align-center\" data-align=\"center\">Adri\u0101na Skobe\u013ceva<\/td><td>5.a<\/td><td class=\"has-text-align-center\" data-align=\"center\">1.vieta <\/td><td>Ieva T\u0101re<\/td><\/tr><tr><td>29.01.2026.<\/td><td class=\"has-text-align-center\" data-align=\"center\">Sacens\u012bbas sp\u0113le \u201cTautas bumba&#8221;<\/td><td class=\"has-text-align-center\" data-align=\"center\">Alise B\u0113rze<\/td><td>5.a<\/td><td class=\"has-text-align-center\" data-align=\"center\">1.vieta<\/td><td>Ieva T\u0101re<\/td><\/tr><tr><td>29.01.2026.<\/td><td class=\"has-text-align-center\" data-align=\"center\">Sacens\u012bbas sp\u0113le \u201cTautas bumba&#8221;<\/td><td class=\"has-text-align-center\" data-align=\"center\">Adele D\u016b\u0161a<\/td><td>5.a<\/td><td class=\"has-text-align-center\" data-align=\"center\">1.vieta<\/td><td>Ieva T\u0101re<\/td><\/tr><tr><td>29.01.2026.<\/td><td class=\"has-text-align-center\" data-align=\"center\">Sacens\u012bbas sp\u0113le \u201cTautas bumba&#8221;<\/td><td class=\"has-text-align-center\" data-align=\"center\">Aivija Garaissila<\/td><td>5.a<\/td><td class=\"has-text-align-center\" data-align=\"center\">1.vieta<\/td><td>Ieva T\u0101re<\/td><\/tr><tr><td>29.01.2026.<\/td><td class=\"has-text-align-center\" data-align=\"center\">Sacens\u012bbas sp\u0113le \u201cTautas bumba&#8221;<\/td><td class=\"has-text-align-center\" data-align=\"center\">Herm\u012bne Kate Liepa<\/td><td>5.b<\/td><td class=\"has-text-align-center\" data-align=\"center\">1.vieta<\/td><td>Ieva T\u0101re<\/td><\/tr><tr><td>29.01.2026.<\/td><td class=\"has-text-align-center\" data-align=\"center\">Sacens\u012bbas sp\u0113le \u201cTautas bumba&#8221;<\/td><td class=\"has-text-align-center\" data-align=\"center\">Herm\u012bne Sermule<\/td><td>5.b<\/td><td class=\"has-text-align-center\" data-align=\"center\">1.vieta<\/td><td>Ieva T\u0101re<\/td><\/tr><tr><td>29.01.2026.<\/td><td class=\"has-text-align-center\" data-align=\"center\">Sacens\u012bbas sp\u0113le \u201cTautas bumba&#8221;<\/td><td class=\"has-text-align-center\" data-align=\"center\">Sofija Jakovicka<\/td><td>5.b<\/td><td class=\"has-text-align-center\" data-align=\"center\">1.vieta<\/td><td>Ieva T\u0101re<\/td><\/tr><tr><td>29.01.2026.<\/td><td class=\"has-text-align-center\" data-align=\"center\">Sacens\u012bbas sp\u0113le \u201cTautas bumba&#8221;<\/td><td class=\"has-text-align-center\" data-align=\"center\">Odrija Kate Ba\u0161evi\u010da<\/td><td>5.b<\/td><td class=\"has-text-align-center\" data-align=\"center\">1.vieta<\/td><td>Ieva T\u0101re<\/td><\/tr><tr><td>29.01.2026.<\/td><td class=\"has-text-align-center\" data-align=\"center\">Sacens\u012bbas sp\u0113le \u201cTautas bumba&#8221;<\/td><td class=\"has-text-align-center\" data-align=\"center\">Am\u0113lija Asafreja<\/td><td>5.c<\/td><td class=\"has-text-align-center\" data-align=\"center\">1.vieta<\/td><td>Ieva T\u0101re<\/td><\/tr><tr><td>29.01.2026.<\/td><td class=\"has-text-align-center\" data-align=\"center\">Sacens\u012bbas sp\u0113le \u201cTautas bumba&#8221;<\/td><td class=\"has-text-align-center\" data-align=\"center\">Am\u0113lija Erdmane &#8211; Herdmane<\/td><td>5.c<\/td><td class=\"has-text-align-center\" data-align=\"center\">1.vieta<\/td><td>Ieva T\u0101re<\/td><\/tr><tr><td>29.01.2026.<\/td><td class=\"has-text-align-center\" data-align=\"center\">Sacens\u012bbas sp\u0113le \u201cTautas bumba&#8221;<\/td><td class=\"has-text-align-center\" data-align=\"center\">Marusja Stebakova<\/td><td>5.c<\/td><td class=\"has-text-align-center\" data-align=\"center\">1.vieta<\/td><td>Ieva T\u0101re<\/td><\/tr><tr><td>11.12.2025.<\/td><td class=\"has-text-align-center\" data-align=\"center\">J\u016brmalas valstspils\u0113tas Top kauss volejbol\u0101<\/td><td class=\"has-text-align-center\" data-align=\"center\">Upmacis K\u0101rlis<\/td><td>9.b<\/td><td class=\"has-text-align-center\" data-align=\"center\">2.vieta z\u0113nu komand\u0101<br>(7. &#8211; 9.kl. grup\u0101)<\/td><td>Jurijs Moisejevs<\/td><\/tr><tr><td>11.12.2025.<\/td><td class=\"has-text-align-center\" data-align=\"center\">J\u016brmalas valstspils\u0113tas Top kauss volejbol\u0101<\/td><td class=\"has-text-align-center\" data-align=\"center\">Seilis Henrijs<\/td><td>9.b<\/td><td class=\"has-text-align-center\" data-align=\"center\">2.vieta z\u0113nu komand\u0101<br>(7. &#8211; 9.kl. grup\u0101)<\/td><td>Jurijs Moisejevs<\/td><\/tr><tr><td>11.12.2025.<\/td><td class=\"has-text-align-center\" data-align=\"center\">J\u016brmalas valstspils\u0113tas Top kauss volejbol\u0101<\/td><td class=\"has-text-align-center\" data-align=\"center\">Zilberts Art\u016brs<\/td><td>9.a<\/td><td class=\"has-text-align-center\" data-align=\"center\">2.vieta z\u0113nu komand\u0101<br>(7. &#8211; 9.kl. grup\u0101)<\/td><td>Ieva T\u0101re<\/td><\/tr><tr><td>11.12.2025.<\/td><td class=\"has-text-align-center\" data-align=\"center\">J\u016brmalas valstspils\u0113tas Top kauss volejbol\u0101<\/td><td class=\"has-text-align-center\" data-align=\"center\">V\u0113tra Olivers<\/td><td>9.a<\/td><td class=\"has-text-align-center\" data-align=\"center\">2.vieta z\u0113nu komand\u0101<br>(7. &#8211; 9.kl. grup\u0101)<\/td><td>Ieva T\u0101re<\/td><\/tr><tr><td>11.12.2025.<\/td><td class=\"has-text-align-center\" data-align=\"center\">J\u016brmalas valstspils\u0113tas Top kauss volejbol\u0101<\/td><td class=\"has-text-align-center\" data-align=\"center\">U\u0161ackis Kaspars<\/td><td>9.a<\/td><td class=\"has-text-align-center\" data-align=\"center\">2.vieta z\u0113nu komand\u0101<br>(7. &#8211; 9.kl. grup\u0101)<\/td><td>Ieva T\u0101re<\/td><\/tr><tr><td>11.12.2025.<\/td><td class=\"has-text-align-center\" data-align=\"center\">J\u016brmalas valstspils\u0113tas Top kauss volejbol\u0101<\/td><td class=\"has-text-align-center\" data-align=\"center\">Strazdi\u0146\u0161 Stefans<\/td><td>9.a<\/td><td class=\"has-text-align-center\" data-align=\"center\">2.vieta z\u0113nu komand\u0101<br>(7. &#8211; 9.kl. grup\u0101)<\/td><td>Ieva T\u0101re<\/td><\/tr><tr><td>11.12.2025.<\/td><td class=\"has-text-align-center\" data-align=\"center\">J\u016brmalas valstspils\u0113tas Top kauss volejbol\u0101<\/td><td class=\"has-text-align-center\" data-align=\"center\">Grasis Markuss<\/td><td>9.a<\/td><td class=\"has-text-align-center\" data-align=\"center\">2.vieta z\u0113nu komand\u0101<br>(7. &#8211; 9.kl. grup\u0101)<\/td><td>Ieva T\u0101re<\/td><\/tr><tr><td>11.12.2025.<\/td><td class=\"has-text-align-center\" data-align=\"center\">J\u016brmalas valstspils\u0113tas Top kauss volejbol\u0101<\/td><td class=\"has-text-align-center\" data-align=\"center\">C\u012brulis Gustavs Patriks<\/td><td>9.a<\/td><td class=\"has-text-align-center\" data-align=\"center\">2.vieta z\u0113nu komand\u0101<br>(7. &#8211; 9.kl. grup\u0101)<\/td><td>Ieva T\u0101re<\/td><\/tr><tr><td>11.12.2025.<\/td><td class=\"has-text-align-center\" data-align=\"center\">J\u016brmalas valstspils\u0113tas Top kauss volejbol\u0101<\/td><td class=\"has-text-align-center\" data-align=\"center\">Avots Aleksis<\/td><td>9.a<\/td><td class=\"has-text-align-center\" data-align=\"center\">2.vieta z\u0113nu komand\u0101<br>(7. &#8211; 9.kl. grup\u0101)<\/td><td>Ieva T\u0101re<\/td><\/tr><tr><td>11.12.2025.<\/td><td class=\"has-text-align-center\" data-align=\"center\">J\u016brmalas valstspils\u0113tas Top kauss volejbol\u0101<\/td><td class=\"has-text-align-center\" data-align=\"center\">Marta Lo\u010dmele<\/td><td>9.a<\/td><td class=\"has-text-align-center\" data-align=\"center\">2.vieta meite\u0146u komand\u0101<br>(7. &#8211; 9.kl. grup\u0101)<\/td><td>Ieva T\u0101re<\/td><\/tr><tr><td>11.12.2025.<\/td><td class=\"has-text-align-center\" data-align=\"center\">J\u016brmalas valstspils\u0113tas Top kauss volejbol\u0101<\/td><td class=\"has-text-align-center\" data-align=\"center\">Annija Komkova<\/td><td>9.a<\/td><td class=\"has-text-align-center\" data-align=\"center\">2.vieta meite\u0146u komand\u0101<br>(7. &#8211; 9.kl. grup\u0101)<\/td><td>Ieva T\u0101re<\/td><\/tr><tr><td>11.12.2025.<\/td><td class=\"has-text-align-center\" data-align=\"center\">J\u016brmalas valstspils\u0113tas Top kauss volejbol\u0101<\/td><td class=\"has-text-align-center\" data-align=\"center\">Monta Petrovska<\/td><td>8.b<\/td><td class=\"has-text-align-center\" data-align=\"center\">2.vieta meite\u0146u komand\u0101<br>(7. &#8211; 9.kl. grup\u0101)<\/td><td>Ieva T\u0101re<\/td><\/tr><tr><td>11.12.2025.<\/td><td class=\"has-text-align-center\" data-align=\"center\">J\u016brmalas valstspils\u0113tas Top kauss volejbol\u0101<\/td><td class=\"has-text-align-center\" data-align=\"center\">Just\u012bne Stafecka<\/td><td>8.b<\/td><td class=\"has-text-align-center\" data-align=\"center\">2.vieta meite\u0146u komand\u0101<br>(7. &#8211; 9.kl. grup\u0101)<\/td><td>Ieva T\u0101re<\/td><\/tr><tr><td>11.12.2025.<\/td><td class=\"has-text-align-center\" data-align=\"center\">J\u016brmalas valstspils\u0113tas Top kauss volejbol\u0101<\/td><td class=\"has-text-align-center\" data-align=\"center\">Mel\u0101nija Ieva S\u012bpoli\u0146a<\/td><td>8.a<\/td><td class=\"has-text-align-center\" data-align=\"center\">2.vieta meite\u0146u komand\u0101<br>(7. &#8211; 9.kl. grup\u0101)<\/td><td>M\u0101ris Meiers<\/td><\/tr><tr><td>11.12.2025.<\/td><td class=\"has-text-align-center\" data-align=\"center\">J\u016brmalas valstspils\u0113tas Top kauss volejbol\u0101<\/td><td class=\"has-text-align-center\" data-align=\"center\">Nade\u017eda Kadikova<\/td><td>7.c<\/td><td class=\"has-text-align-center\" data-align=\"center\">2.vieta meite\u0146u komand\u0101<br>(7. &#8211; 9.kl. grup\u0101)<\/td><td>Jurijs Moisejevs<\/td><\/tr><tr><td>11.12.2025.<\/td><td class=\"has-text-align-center\" data-align=\"center\">J\u016brmalas valstspils\u0113tas Top kauss volejbol\u0101<\/td><td class=\"has-text-align-center\" data-align=\"center\">Maruta Agape Gobzi\u0146a<\/td><td>7.c<\/td><td class=\"has-text-align-center\" data-align=\"center\">2.vieta meite\u0146u komand\u0101<br>(7. &#8211; 9.kl. grup\u0101)<\/td><td>Jurijs Moisejevs<\/td><\/tr><tr><td><br>11.12.2025.<br><br><\/td><td class=\"has-text-align-center\" data-align=\"center\">J\u016brmalas valstspils\u0113tas Top kauss volejbol\u0101<\/td><td class=\"has-text-align-center\" data-align=\"center\">Loreta Bautre<\/td><td>7.c<\/td><td class=\"has-text-align-center\" data-align=\"center\">2.vieta meite\u0146u komand\u0101<br>(7. &#8211; 9.kl. grup\u0101)<\/td><td>Jurijs Moisejevs<\/td><\/tr><tr><td>10.12.2025.<\/td><td class=\"has-text-align-center\" data-align=\"center\">Skolu stafetes \u201cDro\u0161ie un veiklie\u201d!<\/td><td class=\"has-text-align-center\" data-align=\"center\">Marianna Gavrilova<\/td><td>5.d<\/td><td class=\"has-text-align-center\" data-align=\"center\">2.vieta<br>(4. &#8211; 5.kl. grup\u0101)<\/td><td>Svetlana Seme\u0161ina<\/td><\/tr><tr><td>10.12.2025.<\/td><td class=\"has-text-align-center\" data-align=\"center\">Skolu stafetes \u201cDro\u0161ie un veiklie\u201d!<\/td><td class=\"has-text-align-center\" data-align=\"center\">Mija Ozola<\/td><td>5.d<\/td><td class=\"has-text-align-center\" data-align=\"center\">2.vieta<br>(4. &#8211; 5.kl. grup\u0101)<\/td><td>Svetlana Seme\u0161ina<\/td><\/tr><tr><td>10.12.2025.<\/td><td class=\"has-text-align-center\" data-align=\"center\">Skolu stafetes \u201cDro\u0161ie un veiklie\u201d!<\/td><td class=\"has-text-align-center\" data-align=\"center\">Dmitrijs Tatarinovs<\/td><td>5.d<\/td><td class=\"has-text-align-center\" data-align=\"center\">2.vieta<br>(4. &#8211; 5.kl. grup\u0101)<\/td><td>Svetlana Seme\u0161ina<\/td><\/tr><tr><td>10.12.2025.<\/td><td class=\"has-text-align-center\" data-align=\"center\">Skolu stafetes \u201cDro\u0161ie un veiklie\u201d!<\/td><td class=\"has-text-align-center\" data-align=\"center\">Ernests Klints<\/td><td>5.e<\/td><td class=\"has-text-align-center\" data-align=\"center\">2.vieta<br>(4. &#8211; 5.kl. grup\u0101)<\/td><td>Edgars Str\u0113lis<\/td><\/tr><tr><td>10.12.2025.<\/td><td class=\"has-text-align-center\" data-align=\"center\">Skolu stafetes \u201cDro\u0161ie un veiklie\u201d!<\/td><td class=\"has-text-align-center\" data-align=\"center\">Daniils \u0160utovs<\/td><td>5.e<\/td><td class=\"has-text-align-center\" data-align=\"center\">2.vieta<br>(4. &#8211; 5.kl. grup\u0101)<\/td><td>Edgars Str\u0113lis<\/td><\/tr><tr><td>10.12.2025.<\/td><td class=\"has-text-align-center\" data-align=\"center\">Skolu stafetes \u201cDro\u0161ie un veiklie\u201d!<\/td><td class=\"has-text-align-center\" data-align=\"center\">Niloke Zadoro\u017eneva<\/td><td>4.e<\/td><td class=\"has-text-align-center\" data-align=\"center\">2.vieta<br>(4. &#8211; 5.kl. grup\u0101)<\/td><td>Svetlana Seme\u0161ina<\/td><\/tr><tr><td>10.12.2025.<\/td><td class=\"has-text-align-center\" data-align=\"center\">Skolu stafetes \u201cDro\u0161ie un veiklie\u201d!<\/td><td class=\"has-text-align-center\" data-align=\"center\">Sofija Moz\u017eerina<\/td><td>4.e<\/td><td class=\"has-text-align-center\" data-align=\"center\">2.vieta<br>(4. &#8211; 5.kl. grup\u0101)<\/td><td>Svetlana Seme\u0161ina<\/td><\/tr><tr><td>10.12.2025.<\/td><td class=\"has-text-align-center\" data-align=\"center\">Skolu stafetes \u201cDro\u0161ie un veiklie\u201d!<\/td><td class=\"has-text-align-center\" data-align=\"center\">Deniss Trofimovs<\/td><td>4.e<\/td><td class=\"has-text-align-center\" data-align=\"center\">2.vieta<br>(4. &#8211; 5.kl. grup\u0101)<\/td><td>Svetlana Seme\u0161ina<\/td><\/tr><tr><td>10.12.2025.<\/td><td class=\"has-text-align-center\" data-align=\"center\">Skolu stafetes \u201cDro\u0161ie un veiklie\u201d!<\/td><td class=\"has-text-align-center\" data-align=\"center\">Danila Trofimovs<\/td><td>4.e<\/td><td class=\"has-text-align-center\" data-align=\"center\">2.vieta<br>(4. &#8211; 5.kl. grup\u0101)<\/td><td>Svetlana Seme\u0161ina<\/td><\/tr><tr><td>10.12.2025.<\/td><td class=\"has-text-align-center\" data-align=\"center\">Skolu stafetes \u201cDro\u0161ie un veiklie\u201d!<\/td><td class=\"has-text-align-center\" data-align=\"center\">Mihails \u010cerni\u0161ovs<\/td><td>4.d<\/td><td class=\"has-text-align-center\" data-align=\"center\">2.vieta<br>(4. &#8211; 5.kl. grup\u0101)<\/td><td>Edgars Str\u0113lis<\/td><\/tr><tr><td>10.12.2025.<\/td><td class=\"has-text-align-center\" data-align=\"center\">Skolu stafetes \u201cDro\u0161ie un veiklie\u201d!<\/td><td class=\"has-text-align-center\" data-align=\"center\">L\u012bna Trifanova<\/td><td>3.e<\/td><td class=\"has-text-align-center\" data-align=\"center\">3.vieta<br>(2. &#8211; 3.kl. grup\u0101)<\/td><td>Edgars Str\u0113lis<\/td><\/tr><tr><td>10.12.2025.<\/td><td class=\"has-text-align-center\" data-align=\"center\">Skolu stafetes \u201cDro\u0161ie un veiklie\u201d!<\/td><td class=\"has-text-align-center\" data-align=\"center\">Arina Morozova<\/td><td>3.e<\/td><td class=\"has-text-align-center\" data-align=\"center\">3.vieta<br>(2. &#8211; 3.kl. grup\u0101)<\/td><td>Edgars Str\u0113lis<\/td><\/tr><tr><td>10.12.2025.<\/td><td class=\"has-text-align-center\" data-align=\"center\">Skolu stafetes \u201cDro\u0161ie un veiklie\u201d!<\/td><td class=\"has-text-align-center\" data-align=\"center\">Taisija Drugoveiko<\/td><td>3.e<\/td><td class=\"has-text-align-center\" data-align=\"center\">3.vieta<br>(2. &#8211; 3.kl. grup\u0101)<\/td><td>Edgars Str\u0113lis<\/td><\/tr><tr><td>10.12.2025.<\/td><td class=\"has-text-align-center\" data-align=\"center\">Skolu stafetes \u201cDro\u0161ie un veiklie\u201d!<\/td><td class=\"has-text-align-center\" data-align=\"center\">Jelizaveta Tatarinova<\/td><td>3.d<\/td><td class=\"has-text-align-center\" data-align=\"center\">3.vieta<br>(2. &#8211; 3.kl. grup\u0101)<\/td><td>Edgars Str\u0113lis<\/td><\/tr><tr><td>10.12.2025.<\/td><td class=\"has-text-align-center\" data-align=\"center\">Skolu stafetes \u201cDro\u0161ie un veiklie\u201d!<\/td><td class=\"has-text-align-center\" data-align=\"center\">Bogdans Kuzmins<\/td><td>3.d<\/td><td class=\"has-text-align-center\" data-align=\"center\">3.vieta<br>(2. &#8211; 3.kl. grup\u0101)<\/td><td>Edgars Str\u0113lis<\/td><\/tr><tr><td>10.12.2025.<\/td><td class=\"has-text-align-center\" data-align=\"center\">Skolu stafetes \u201cDro\u0161ie un veiklie\u201d!<\/td><td class=\"has-text-align-center\" data-align=\"center\">Vasilijs Jo\u010duns<\/td><td>3.d<\/td><td class=\"has-text-align-center\" data-align=\"center\">3.vieta<br>(2. &#8211; 3.kl. grup\u0101)<\/td><td>Edgars Str\u0113lis<\/td><\/tr><tr><td>10.12.2025.<\/td><td class=\"has-text-align-center\" data-align=\"center\">Skolu stafetes \u201cDro\u0161ie un veiklie\u201d!<\/td><td class=\"has-text-align-center\" data-align=\"center\">Odrija Paule<\/td><td>2.d<\/td><td class=\"has-text-align-center\" data-align=\"center\">3.vieta<br>(2. &#8211; 3.kl. grup\u0101)<\/td><td>Edgars Str\u0113lis<\/td><\/tr><tr><td>10.12.2025.<\/td><td class=\"has-text-align-center\" data-align=\"center\">Skolu stafetes \u201cDro\u0161ie un veiklie\u201d!<\/td><td class=\"has-text-align-center\" data-align=\"center\">R\u016bbija Meiere<\/td><td>2.d<\/td><td class=\"has-text-align-center\" data-align=\"center\">3.vieta<br>(2. &#8211; 3.kl. grup\u0101)<\/td><td>Edgars Str\u0113lis<\/td><\/tr><tr><td>10.12.2025.<\/td><td class=\"has-text-align-center\" data-align=\"center\">Skolu stafetes \u201cDro\u0161ie un veiklie\u201d!<\/td><td class=\"has-text-align-center\" data-align=\"center\">El\u012bza Lo Bello<\/td><td>2.d<\/td><td class=\"has-text-align-center\" data-align=\"center\">3.vieta<br>(2. &#8211; 3.kl. grup\u0101)<\/td><td>Edgars Str\u0113lis<\/td><\/tr><tr><td>10.12.2025.<\/td><td class=\"has-text-align-center\" data-align=\"center\">Skolu stafetes \u201cDro\u0161ie un veiklie\u201d!<\/td><td class=\"has-text-align-center\" data-align=\"center\">\u013bevs \u0160\u010dukins<\/td><td>2.d<\/td><td class=\"has-text-align-center\" data-align=\"center\">3.vieta<br>(2. &#8211; 3.kl. grup\u0101)<\/td><td>Edgars Str\u0113lis<\/td><\/tr><tr><td>10.12.2025.<\/td><td class=\"has-text-align-center\" data-align=\"center\">Skolu stafetes \u201cDro\u0161ie un veiklie\u201d!<\/td><td class=\"has-text-align-center\" data-align=\"center\">Maksimilians \u0160apals<\/td><td>2.d<\/td><td class=\"has-text-align-center\" data-align=\"center\">3.vieta<br>(2. &#8211; 3.kl. grup\u0101)<\/td><td>Edgars Str\u0113lis<\/td><\/tr><tr><td>10.12.2025.<\/td><td class=\"has-text-align-center\" data-align=\"center\">Skolu stafetes \u201cDro\u0161ie un veiklie\u201d!<\/td><td class=\"has-text-align-center\" data-align=\"center\">Reinis Lagzdi\u0146\u0161<\/td><td>2.d<\/td><td class=\"has-text-align-center\" data-align=\"center\">3.vieta<br>(2. &#8211; 3.kl. grup\u0101)<\/td><td>Edgars Str\u0113lis<\/td><\/tr><tr><td>10.12.2025.<\/td><td class=\"has-text-align-center\" data-align=\"center\">Skolu stafetes \u201cDro\u0161ie un veiklie\u201d!<\/td><td class=\"has-text-align-center\" data-align=\"center\">Edvards Lasmanis<\/td><td>2.d<\/td><td class=\"has-text-align-center\" data-align=\"center\">3.vieta<br>(2. &#8211; 3.kl. grup\u0101)<\/td><td>Edgars Str\u0113lis<\/td><\/tr><tr><td>02.10.2025.<\/td><td class=\"has-text-align-center\" data-align=\"center\">J\u016brmalas meistarsac\u012bkstes vieglatl\u0113tikas kros\u0101 \u201cJ\u016brmalas rudens\u201d 5.-12.kla\u0161u skol\u0113nu grup\u0101<\/td><td class=\"has-text-align-center\" data-align=\"center\">Am\u0113lija Vi\u0146\u0137e<\/td><td>6.b<\/td><td class=\"has-text-align-center\" data-align=\"center\">2.vieta<br>(5.-6.kl.grup\u0101)<\/td><td><\/td><\/tr><tr><td>02.10.2025.<\/td><td class=\"has-text-align-center\" data-align=\"center\">J\u016brmalas meistarsac\u012bkstes vieglatl\u0113tikas kros\u0101 \u201cJ\u016brmalas rudens\u201d 5.-12.kla\u0161u skol\u0113nu grup\u0101<\/td><td class=\"has-text-align-center\" data-align=\"center\">Augusts Liepi\u0146\u0161<\/td><td>6.a<\/td><td class=\"has-text-align-center\" data-align=\"center\">2.vieta<br>(5.-6.kl.grup\u0101)<\/td><td><\/td><\/tr><tr><td>02.10.2025.<\/td><td class=\"has-text-align-center\" data-align=\"center\">J\u016brmalas meistarsac\u012bkstes vieglatl\u0113tikas kros\u0101 \u201cJ\u016brmalas rudens\u201d 5.-12.kla\u0161u skol\u0113nu grup\u0101<\/td><td class=\"has-text-align-center\" data-align=\"center\">Agate Ance Muceniece<\/td><td>7.a<\/td><td class=\"has-text-align-center\" data-align=\"center\">1.vieta<br>(7.-9.kl.grup\u0101)<\/td><td><\/td><\/tr><tr><td>02.10.2025.<\/td><td class=\"has-text-align-center\" data-align=\"center\">J\u016brmalas meistarsac\u012bkstes vieglatl\u0113tikas kros\u0101 \u201cJ\u016brmalas rudens\u201d 5.-12.kla\u0161u skol\u0113nu grup\u0101<\/td><td class=\"has-text-align-center\" data-align=\"center\">Marta Lo\u010dmele<\/td><td>9.a<\/td><td class=\"has-text-align-center\" data-align=\"center\">3.vieta<br>(7.-9.kl.grup\u0101)<\/td><td><\/td><\/tr><tr><td>02.10.2025.<\/td><td class=\"has-text-align-center\" data-align=\"center\">J\u016brmalas meistarsac\u012bkstes vieglatl\u0113tikas kros\u0101 \u201cJ\u016brmalas rudens\u201d 5.-12.kla\u0161u skol\u0113nu grup\u0101<\/td><td class=\"has-text-align-center\" data-align=\"center\">Sannija Pedece<\/td><td>6.a<\/td><td class=\"has-text-align-center\" data-align=\"center\">2.vieta stafet\u0113s<br>(5.-6.kl.grup\u0101)<br><\/td><td><\/td><\/tr><tr><td>02.10.2025.<\/td><td class=\"has-text-align-center\" data-align=\"center\">J\u016brmalas meistarsac\u012bkstes vieglatl\u0113tikas kros\u0101 \u201cJ\u016brmalas rudens\u201d 5.-12.kla\u0161u skol\u0113nu grup\u0101<\/td><td class=\"has-text-align-center\" data-align=\"center\">Anete Gerule<\/td><td>6.a<\/td><td class=\"has-text-align-center\" data-align=\"center\">2.vieta stafet\u0113s<br>(5.-6.kl.grup\u0101)<\/td><td><\/td><\/tr><tr><td>02.10.2025.<\/td><td class=\"has-text-align-center\" data-align=\"center\">J\u016brmalas meistarsac\u012bkstes vieglatl\u0113tikas kros\u0101 \u201cJ\u016brmalas rudens\u201d 5.-12.kla\u0161u skol\u0113nu grup\u0101<\/td><td class=\"has-text-align-center\" data-align=\"center\">Markuss Alksnis<\/td><td>6.a<\/td><td class=\"has-text-align-center\" data-align=\"center\">2.vieta stafet\u0113s<br>(5.-6.kl.grup\u0101)<\/td><td><\/td><\/tr><tr><td>02.10.2025.<\/td><td class=\"has-text-align-center\" data-align=\"center\">J\u016brmalas meistarsac\u012bkstes vieglatl\u0113tikas kros\u0101 \u201cJ\u016brmalas rudens\u201d 5.-12.kla\u0161u skol\u0113nu grup\u0101<\/td><td class=\"has-text-align-center\" data-align=\"center\">Karl\u012bna Krivi\u0161a<\/td><td>7.a<\/td><td class=\"has-text-align-center\" data-align=\"center\">2.vieta stafet\u0113s<br>(7.-9.kl.grup\u0101)<\/td><td><\/td><\/tr><tr><td>02.10.2025.<\/td><td class=\"has-text-align-center\" data-align=\"center\">J\u016brmalas meistarsac\u012bkstes vieglatl\u0113tikas kros\u0101 \u201cJ\u016brmalas rudens\u201d 5.-12.kla\u0161u skol\u0113nu grup\u0101<\/td><td class=\"has-text-align-center\" data-align=\"center\">Marta Lo\u010dmele<\/td><td>9.a<\/td><td class=\"has-text-align-center\" data-align=\"center\">2.vieta stafet\u0113s<br>(7.-9.kl.grup\u0101)<\/td><td><\/td><\/tr><tr><td>02.10.2025.<\/td><td class=\"has-text-align-center\" data-align=\"center\">J\u016brmalas meistarsac\u012bkstes vieglatl\u0113tikas kros\u0101 \u201cJ\u016brmalas rudens\u201d 5.-12.kla\u0161u skol\u0113nu grup\u0101<\/td><td class=\"has-text-align-center\" data-align=\"center\">Henrijs Seilis<\/td><td>9.b<\/td><td class=\"has-text-align-center\" data-align=\"center\">2.vieta stafet\u0113s<br>(7.-9.kl.grup\u0101)<\/td><td><\/td><\/tr><tr><td>02.10.2025.<\/td><td class=\"has-text-align-center\" data-align=\"center\">J\u016brmalas meistarsac\u012bkstes vieglatl\u0113tikas kros\u0101 \u201cJ\u016brmalas rudens\u201d 5.-12.kla\u0161u skol\u0113nu grup\u0101<\/td><td class=\"has-text-align-center\" data-align=\"center\">Valdis Hegedu\u0161s<\/td><td>8.b<\/td><td class=\"has-text-align-center\" data-align=\"center\">2.vieta stafet\u0113s<br>(7.-9.kl.grup\u0101)<\/td><td><\/td><\/tr><tr><td>20.11.2025. <\/td><td class=\"has-text-align-center\" data-align=\"center\">J\u016brmalas skol\u0113nu sacens\u012bbas volejbol\u0101 10. &#8211; 12.kla\u0161u grup\u0101<\/td><td class=\"has-text-align-center\" data-align=\"center\"><br>Keita Kintija Br\u016bvere<\/td><td>10.a<\/td><td class=\"has-text-align-center\" data-align=\"center\">1.vieta meite\u0146u komand\u0101. Ties\u012bbas sp\u0113l\u0113t 22.kausa izc\u012b\u0146as sacens\u012bb\u0101s Latvijas visp\u0101rizgl\u012btojo\u0161o skolu komand\u0101<\/td><td>M\u0101ris Meiers<\/td><\/tr><tr><td>20.11.2025.<\/td><td class=\"has-text-align-center\" data-align=\"center\">J\u016brmalas skol\u0113nu sacens\u012bbas volejbol\u0101 10. &#8211; 12.kla\u0161u grup\u0101<\/td><td class=\"has-text-align-center\" data-align=\"center\"><br>Nora Kalni\u0146a<\/td><td>10.a<\/td><td class=\"has-text-align-center\" data-align=\"center\">1.vieta meite\u0146u komand\u0101. Ties\u012bbas sp\u0113l\u0113t 22.kausa izc\u012b\u0146as sacens\u012bb\u0101s Latvijas visp\u0101rizgl\u012btojo\u0161o skolu komand\u0101<\/td><td>M\u0101ris Meiers<\/td><\/tr><tr><td>20.11.2025.<\/td><td class=\"has-text-align-center\" data-align=\"center\">J\u016brmalas skol\u0113nu sacens\u012bbas volejbol\u0101 10. &#8211; 12.kla\u0161u grup\u0101<\/td><td class=\"has-text-align-center\" data-align=\"center\"><br>Aleksandra Matvejeva<\/td><td>10.a<\/td><td class=\"has-text-align-center\" data-align=\"center\">1.vieta meite\u0146u komand\u0101. Ties\u012bbas sp\u0113l\u0113t 22.kausa izc\u012b\u0146as sacens\u012bb\u0101s Latvijas visp\u0101rizgl\u012btojo\u0161o skolu komand\u0101<\/td><td>M\u0101ris Meiers<\/td><\/tr><tr><td>20.11.2025.<\/td><td class=\"has-text-align-center\" data-align=\"center\">J\u016brmalas skol\u0113nu sacens\u012bbas volejbol\u0101 10. &#8211; 12.kla\u0161u grup\u0101<\/td><td class=\"has-text-align-center\" data-align=\"center\"><br>Aleksandra Svetlanova<\/td><td>11.a<\/td><td class=\"has-text-align-center\" data-align=\"center\">1.vieta meite\u0146u komand\u0101. Ties\u012bbas sp\u0113l\u0113t 22.kausa izc\u012b\u0146as sacens\u012bb\u0101s Latvijas visp\u0101rizgl\u012btojo\u0161o skolu komand\u0101<\/td><td>M\u0101ris Meiers<\/td><\/tr><tr><td>20.11.2025.<\/td><td class=\"has-text-align-center\" data-align=\"center\">J\u016brmalas skol\u0113nu sacens\u012bbas volejbol\u0101 10. &#8211; 12.kla\u0161u grup\u0101<\/td><td class=\"has-text-align-center\" data-align=\"center\"><br>Anastasija \u0160adurska<\/td><td>11.a<\/td><td class=\"has-text-align-center\" data-align=\"center\">1.vieta meite\u0146u komand\u0101. Ties\u012bbas sp\u0113l\u0113t 22.kausa izc\u012b\u0146as sacens\u012bb\u0101s Latvijas visp\u0101rizgl\u012btojo\u0161o skolu komand\u0101<\/td><td>M\u0101ris Meiers<\/td><\/tr><tr><td>20.11.2025.<\/td><td class=\"has-text-align-center\" data-align=\"center\">J\u016brmalas skol\u0113nu sacens\u012bbas volejbol\u0101 10. &#8211; 12.kla\u0161u grup\u0101<\/td><td class=\"has-text-align-center\" data-align=\"center\"><br>Paula Rebeka \u0160\u012bmane<\/td><td>11.a<\/td><td class=\"has-text-align-center\" data-align=\"center\">1.vieta meite\u0146u komand\u0101. Ties\u012bbas sp\u0113l\u0113t 22.kausa izc\u012b\u0146as sacens\u012bb\u0101s Latvijas visp\u0101rizgl\u012btojo\u0161o skolu komand\u0101<\/td><td>M\u0101ris Meiers<\/td><\/tr><tr><td>20.11.2025.<\/td><td class=\"has-text-align-center\" data-align=\"center\">J\u016brmalas skol\u0113nu sacens\u012bbas volejbol\u0101 10. &#8211; 12.kla\u0161u grup\u0101<\/td><td class=\"has-text-align-center\" data-align=\"center\">Katr\u012bna Vai\u0161\u013ca<\/td><td>11.a<\/td><td class=\"has-text-align-center\" data-align=\"center\">1.vieta meite\u0146u komand\u0101. Ties\u012bbas sp\u0113l\u0113t 22.kausa izc\u012b\u0146as sacens\u012bb\u0101s Latvijas visp\u0101rizgl\u012btojo\u0161o skolu komand\u0101<\/td><td>M\u0101ris Meiers<\/td><\/tr><tr><td>20.11.2025.<\/td><td class=\"has-text-align-center\" data-align=\"center\">J\u016brmalas skol\u0113nu sacens\u012bbas volejbol\u0101 10. &#8211; 12.kla\u0161u grup\u0101<\/td><td class=\"has-text-align-center\" data-align=\"center\"><br>Dani\u0113la Naumova<\/td><td>11.b<\/td><td class=\"has-text-align-center\" data-align=\"center\">1.vieta meite\u0146u komand\u0101. Ties\u012bbas sp\u0113l\u0113t 22.kausa izc\u012b\u0146as sacens\u012bb\u0101s Latvijas visp\u0101rizgl\u012btojo\u0161o skolu komand\u0101<br><br><\/td><td>M\u0101ris Meiers<\/td><\/tr><tr><td>27.11.2025.<\/td><td class=\"has-text-align-center\" data-align=\"center\">J\u016brmalas skol\u0113nu sacens\u012bbas volejbol\u0101 5. &#8211; 6.kla\u0161u grup\u0101<\/td><td class=\"has-text-align-center\" data-align=\"center\"><br>Sannija Pedece<\/td><td>6.a<\/td><td class=\"has-text-align-center\" data-align=\"center\">1.vieta meite\u0146u komand\u0101. Ties\u012bbas sp\u0113l\u0113t 22.kausa izc\u012b\u0146as sacens\u012bb\u0101s Latvijas visp\u0101rizgl\u012btojo\u0161o skolu komand\u0101<\/td><td>Ieva T\u0101re<\/td><\/tr><tr><td>27.11.2025.<\/td><td class=\"has-text-align-center\" data-align=\"center\">J\u016brmalas skol\u0113nu sacens\u012bbas volejbol\u0101 5. &#8211; 6.kla\u0161u grup\u0101<\/td><td class=\"has-text-align-center\" data-align=\"center\"><br>Am\u0113lija Vi\u0146\u0137e<\/td><td>6.b<\/td><td class=\"has-text-align-center\" data-align=\"center\">1.vieta meite\u0146u komand\u0101. Ties\u012bbas sp\u0113l\u0113t 22.kausa izc\u012b\u0146as sacens\u012bb\u0101s Latvijas visp\u0101rizgl\u012btojo\u0161o skolu komand\u0101<br><\/td><td>Ieva T\u0101re<\/td><\/tr><tr><td>27.11.2025.<\/td><td class=\"has-text-align-center\" data-align=\"center\">J\u016brmalas skol\u0113nu sacens\u012bbas volejbol\u0101 5. &#8211; 6.kla\u0161u grup\u0101<\/td><td class=\"has-text-align-center\" data-align=\"center\"><br>Estere Kapteine<\/td><td>6.b<\/td><td class=\"has-text-align-center\" data-align=\"center\">1.vieta meite\u0146u komand\u0101. Ties\u012bbas sp\u0113l\u0113t 22.kausa izc\u012b\u0146as sacens\u012bb\u0101s Latvijas visp\u0101rizgl\u012btojo\u0161o skolu komand\u0101<\/td><td>Ieva T\u0101re<\/td><\/tr><tr><td>27.11.2025.<\/td><td class=\"has-text-align-center\" data-align=\"center\">J\u016brmalas skol\u0113nu sacens\u012bbas volejbol\u0101 5. &#8211; 6.kla\u0161u grup\u0101<\/td><td class=\"has-text-align-center\" data-align=\"center\"><br>Anna Marija Gobzi\u0146a<\/td><td>6.b<\/td><td class=\"has-text-align-center\" data-align=\"center\">1.vieta meite\u0146u komand\u0101. Ties\u012bbas sp\u0113l\u0113t 22.kausa izc\u012b\u0146as sacens\u012bb\u0101s Latvijas visp\u0101rizgl\u012btojo\u0161o skolu komand\u0101<\/td><td>Ieva T\u0101re<\/td><\/tr><tr><td>27.11.2025.<\/td><td class=\"has-text-align-center\" data-align=\"center\">J\u016brmalas skol\u0113nu sacens\u012bbas volejbol\u0101 5. &#8211; 6.kla\u0161u grup\u0101<\/td><td class=\"has-text-align-center\" data-align=\"center\"><br>El\u012bza \u0112vele<\/td><td>6.d<\/td><td class=\"has-text-align-center\" data-align=\"center\">1.vieta meite\u0146u komand\u0101. Ties\u012bbas sp\u0113l\u0113t 22.kausa izc\u012b\u0146as sacens\u012bb\u0101s Latvijas visp\u0101rizgl\u012btojo\u0161o skolu komand\u0101<\/td><td>Ieva T\u0101re<\/td><\/tr><tr><td>27.11.2025.<\/td><td class=\"has-text-align-center\" data-align=\"center\">J\u016brmalas skol\u0113nu sacens\u012bbas volejbol\u0101 5. &#8211; 6.kla\u0161u grup\u0101<\/td><td class=\"has-text-align-center\" data-align=\"center\"><br>Nikola Kanberga<\/td><td>6.d<\/td><td class=\"has-text-align-center\" data-align=\"center\">1.vieta meite\u0146u komand\u0101. Ties\u012bbas sp\u0113l\u0113t 22.kausa izc\u012b\u0146as sacens\u012bb\u0101s Latvijas visp\u0101rizgl\u012btojo\u0161o skolu komand\u0101<\/td><td>Ieva T\u0101re<\/td><\/tr><tr><td>27.11.2025.<\/td><td class=\"has-text-align-center\" data-align=\"center\">J\u016brmalas skol\u0113nu sacens\u012bbas volejbol\u0101 5. &#8211; 6.kla\u0161u grup\u0101<\/td><td class=\"has-text-align-center\" data-align=\"center\">Toms Sturme-Iecelnieks<\/td><td>5.a<\/td><td class=\"has-text-align-center\" data-align=\"center\">1.vieta z\u0113nu komand\u0101. Ties\u012bbas sp\u0113l\u0113t 22.kausa izc\u012b\u0146as sacens\u012bb\u0101s Latvijas visp\u0101rizgl\u012btojo\u0161o skolu komand\u0101<\/td><td>M\u0101ris Meiers<\/td><\/tr><tr><td>27.11.2025.<\/td><td class=\"has-text-align-center\" data-align=\"center\">J\u016brmalas skol\u0113nu sacens\u012bbas volejbol\u0101 5. &#8211; 6.kla\u0161u grup\u0101<\/td><td class=\"has-text-align-center\" data-align=\"center\">Leo Blome<\/td><td>6.a<\/td><td class=\"has-text-align-center\" data-align=\"center\">1.vieta z\u0113nu komand\u0101. Ties\u012bbas sp\u0113l\u0113t 22.kausa izc\u012b\u0146as sacens\u012bb\u0101s Latvijas visp\u0101rizgl\u012btojo\u0161o skolu komand\u0101<\/td><td>M\u0101ris Meiers<\/td><\/tr><tr><td>27.11.2025.<\/td><td class=\"has-text-align-center\" data-align=\"center\">J\u016brmalas skol\u0113nu sacens\u012bbas volejbol\u0101 5. &#8211; 6.kla\u0161u grup\u0101<\/td><td class=\"has-text-align-center\" data-align=\"center\">Artis Me\u017eajevs<\/td><td>6.b<\/td><td class=\"has-text-align-center\" data-align=\"center\">1.vieta z\u0113nu komand\u0101. Ties\u012bbas sp\u0113l\u0113t 22.kausa izc\u012b\u0146as sacens\u012bb\u0101s Latvijas visp\u0101rizgl\u012btojo\u0161o skolu komand\u0101<\/td><td>M\u0101ris Meiers<\/td><\/tr><tr><td>27.11.2025.<\/td><td class=\"has-text-align-center\" data-align=\"center\">J\u016brmalas skol\u0113nu sacens\u012bbas volejbol\u0101 5. &#8211; 6.kla\u0161u grup\u0101<\/td><td class=\"has-text-align-center\" data-align=\"center\">Em\u012bls L\u0101cis<\/td><td>6.b<\/td><td class=\"has-text-align-center\" data-align=\"center\">1.vieta z\u0113nu komand\u0101. Ties\u012bbas sp\u0113l\u0113t 22.kausa izc\u012b\u0146as sacens\u012bb\u0101s Latvijas visp\u0101rizgl\u012btojo\u0161o skolu komand\u0101<\/td><td>M\u0101ris Meiers<\/td><\/tr><tr><td>27.11.2025.<\/td><td class=\"has-text-align-center\" data-align=\"center\">J\u016brmalas skol\u0113nu sacens\u012bbas volejbol\u0101 5. &#8211; 6.kla\u0161u grup\u0101<\/td><td class=\"has-text-align-center\" data-align=\"center\">Dominiks Sta\u0161ko<\/td><td>6.c<\/td><td class=\"has-text-align-center\" data-align=\"center\">1.vieta z\u0113nu komand\u0101. Ties\u012bbas sp\u0113l\u0113t 22.kausa izc\u012b\u0146as sacens\u012bb\u0101s Latvijas visp\u0101rizgl\u012btojo\u0161o skolu komand\u0101<\/td><td>M\u0101ris Meiers<\/td><\/tr><tr><td>27.11.2025.<\/td><td class=\"has-text-align-center\" data-align=\"center\">J\u016brmalas skol\u0113nu sacens\u012bbas volejbol\u0101 5. &#8211; 6.kla\u0161u grup\u0101<\/td><td class=\"has-text-align-center\" data-align=\"center\">Kri\u0161s Valters Lagzdi\u0146\u0161<\/td><td>6.c<\/td><td class=\"has-text-align-center\" data-align=\"center\">1.vieta z\u0113nu komand\u0101. Ties\u012bbas sp\u0113l\u0113t 22.kausa izc\u012b\u0146as sacens\u012bb\u0101s Latvijas visp\u0101rizgl\u012btojo\u0161o skolu komand\u0101<\/td><td>M\u0101ris Meiers<\/td><\/tr><\/tbody><\/table><\/figure>\n\n\n\n<p><\/p>\n","protected":false},"excerpt":{"rendered":"<p>Sasniegumi 2025.\/2026. m\u0101c\u012bbu gad\u0101 Datums Nosaukums Skol\u0113ns Klase Apbalvojums Skolot\u0101js 22.04.2026. V\u0101cu valodas atkl\u0101t\u0101 55. olimpi\u0101de 8.kla\u0161u posm\u0101 K\u0101rlis Aide \u0100ri\u0146\u0161 8.a 1.vieta Egija \u0136emere 22.04.2026. V\u0101cu valodas atkl\u0101t\u0101 55. olimpi\u0101de 8.kla\u0161u posm\u0101 El\u012bza Ru\u0161i\u0146a 8.a 3.vieta Egija \u0136emere 14.04.2026. Latvie\u0161u valodas un literat\u016bras 52. olimpi\u0101de, 3.posms Just\u012bne Elza Gr\u0101vere 12.a 2.pak\u0101pe Aija Meiere 14.04.2026&#8230;.<\/p>\n","protected":false},"author":1,"featured_media":0,"parent":0,"menu_order":0,"comment_status":"closed","ping_status":"closed","template":"","meta":{"footnotes":""},"class_list":["post-121","page","type-page","status-publish","hentry"],"yoast_head":"<!-- This site is optimized with the Yoast SEO plugin v23.1 - https:\/\/yoast.com\/wordpress\/plugins\/seo\/ -->\n<title>SASNIEGUMI - J\u016aRMALAS VALSTSPILS\u0112TAS PUMPURU VIDUSSKOLA<\/title>\n<meta name=\"robots\" content=\"index, follow, max-snippet:-1, max-image-preview:large, max-video-preview:-1\" \/>\n<link rel=\"canonical\" href=\"https:\/\/pumpuruvsk.jurmala.lv\/?page_id=121\" \/>\n<meta property=\"og:locale\" content=\"lv_LV\" \/>\n<meta property=\"og:type\" content=\"article\" \/>\n<meta property=\"og:title\" content=\"SASNIEGUMI - J\u016aRMALAS VALSTSPILS\u0112TAS PUMPURU VIDUSSKOLA\" \/>\n<meta property=\"og:description\" content=\"Sasniegumi 2025.\/2026. m\u0101c\u012bbu gad\u0101 Datums Nosaukums Skol\u0113ns Klase Apbalvojums Skolot\u0101js 22.04.2026. V\u0101cu valodas atkl\u0101t\u0101 55. olimpi\u0101de 8.kla\u0161u posm\u0101 K\u0101rlis Aide \u0100ri\u0146\u0161 8.a 1.vieta Egija \u0136emere 22.04.2026. V\u0101cu valodas atkl\u0101t\u0101 55. olimpi\u0101de 8.kla\u0161u posm\u0101 El\u012bza Ru\u0161i\u0146a 8.a 3.vieta Egija \u0136emere 14.04.2026. Latvie\u0161u valodas un literat\u016bras 52. olimpi\u0101de, 3.posms Just\u012bne Elza Gr\u0101vere 12.a 2.pak\u0101pe Aija Meiere 14.04.2026....\" \/>\n<meta property=\"og:url\" content=\"https:\/\/pumpuruvsk.jurmala.lv\/?page_id=121\" \/>\n<meta property=\"og:site_name\" content=\"J\u016aRMALAS VALSTSPILS\u0112TAS PUMPURU VIDUSSKOLA\" \/>\n<meta property=\"article:publisher\" content=\"https:\/\/www.facebook.com\/people\/Jrmalas-valstspilstas-Pumpuru-vidusskola\/61565829730579\/\" \/>\n<meta property=\"article:modified_time\" content=\"2026-04-29T04:32:15+00:00\" \/>\n<meta name=\"twitter:card\" content=\"summary_large_image\" \/>\n<meta name=\"twitter:label1\" content=\"Est. reading time\" \/>\n\t<meta name=\"twitter:data1\" content=\"20 min\u016b\u0161u\" \/>\n<script type=\"application\/ld+json\" class=\"yoast-schema-graph\">{\"@context\":\"https:\/\/schema.org\",\"@graph\":[{\"@type\":\"WebPage\",\"@id\":\"https:\/\/pumpuruvsk.jurmala.lv\/?page_id=121\",\"url\":\"https:\/\/pumpuruvsk.jurmala.lv\/?page_id=121\",\"name\":\"SASNIEGUMI - J\u016aRMALAS VALSTSPILS\u0112TAS PUMPURU VIDUSSKOLA\",\"isPartOf\":{\"@id\":\"https:\/\/pumpuruvsk.jurmala.lv\/#website\"},\"datePublished\":\"2024-02-16T16:18:55+00:00\",\"dateModified\":\"2026-04-29T04:32:15+00:00\",\"breadcrumb\":{\"@id\":\"https:\/\/pumpuruvsk.jurmala.lv\/?page_id=121#breadcrumb\"},\"inLanguage\":\"lv-LV\",\"potentialAction\":[{\"@type\":\"ReadAction\",\"target\":[\"https:\/\/pumpuruvsk.jurmala.lv\/?page_id=121\"]}]},{\"@type\":\"BreadcrumbList\",\"@id\":\"https:\/\/pumpuruvsk.jurmala.lv\/?page_id=121#breadcrumb\",\"itemListElement\":[{\"@type\":\"ListItem\",\"position\":1,\"name\":\"Home\",\"item\":\"https:\/\/pumpuruvsk.jurmala.lv\/\"},{\"@type\":\"ListItem\",\"position\":2,\"name\":\"SASNIEGUMI\"}]},{\"@type\":\"WebSite\",\"@id\":\"https:\/\/pumpuruvsk.jurmala.lv\/#website\",\"url\":\"https:\/\/pumpuruvsk.jurmala.lv\/\",\"name\":\"J\u016aRMALAS VALSTSPILS\u0112TAS PUMPURU VIDUSSKOLA.\",\"description\":\"SKOLA IZAUGSMEI\",\"publisher\":{\"@id\":\"https:\/\/pumpuruvsk.jurmala.lv\/#organization\"},\"potentialAction\":[{\"@type\":\"SearchAction\",\"target\":{\"@type\":\"EntryPoint\",\"urlTemplate\":\"https:\/\/pumpuruvsk.jurmala.lv\/?s={search_term_string}\"},\"query-input\":\"required name=search_term_string\"}],\"inLanguage\":\"lv-LV\"},{\"@type\":\"Organization\",\"@id\":\"https:\/\/pumpuruvsk.jurmala.lv\/#organization\",\"name\":\"J\u016aRMALAS VALSTSPILS\u0112TAS PUMPURU VIDUSSKOLA\",\"url\":\"https:\/\/pumpuruvsk.jurmala.lv\/\",\"logo\":{\"@type\":\"ImageObject\",\"inLanguage\":\"lv-LV\",\"@id\":\"https:\/\/pumpuruvsk.jurmala.lv\/#\/schema\/logo\/image\/\",\"url\":\"https:\/\/pumpuruvsk.jurmala.lv\/wp-content\/uploads\/2024\/02\/cropped-cropped-JPV-mazais-1-2.png\",\"contentUrl\":\"https:\/\/pumpuruvsk.jurmala.lv\/wp-content\/uploads\/2024\/02\/cropped-cropped-JPV-mazais-1-2.png\",\"width\":4500,\"height\":4500,\"caption\":\"J\u016aRMALAS VALSTSPILS\u0112TAS PUMPURU VIDUSSKOLA\"},\"image\":{\"@id\":\"https:\/\/pumpuruvsk.jurmala.lv\/#\/schema\/logo\/image\/\"},\"sameAs\":[\"https:\/\/www.facebook.com\/people\/Jrmalas-valstspilstas-Pumpuru-vidusskola\/61565829730579\/\"]}]}<\/script>\n<!-- \/ Yoast SEO plugin. -->","yoast_head_json":{"title":"SASNIEGUMI - J\u016aRMALAS VALSTSPILS\u0112TAS PUMPURU VIDUSSKOLA","robots":{"index":"index","follow":"follow","max-snippet":"max-snippet:-1","max-image-preview":"max-image-preview:large","max-video-preview":"max-video-preview:-1"},"canonical":"https:\/\/pumpuruvsk.jurmala.lv\/?page_id=121","og_locale":"lv_LV","og_type":"article","og_title":"SASNIEGUMI - J\u016aRMALAS VALSTSPILS\u0112TAS PUMPURU VIDUSSKOLA","og_description":"Sasniegumi 2025.\/2026. m\u0101c\u012bbu gad\u0101 Datums Nosaukums Skol\u0113ns Klase Apbalvojums Skolot\u0101js 22.04.2026. V\u0101cu valodas atkl\u0101t\u0101 55. olimpi\u0101de 8.kla\u0161u posm\u0101 K\u0101rlis Aide \u0100ri\u0146\u0161 8.a 1.vieta Egija \u0136emere 22.04.2026. V\u0101cu valodas atkl\u0101t\u0101 55. olimpi\u0101de 8.kla\u0161u posm\u0101 El\u012bza Ru\u0161i\u0146a 8.a 3.vieta Egija \u0136emere 14.04.2026. Latvie\u0161u valodas un literat\u016bras 52. olimpi\u0101de, 3.posms Just\u012bne Elza Gr\u0101vere 12.a 2.pak\u0101pe Aija Meiere 14.04.2026....","og_url":"https:\/\/pumpuruvsk.jurmala.lv\/?page_id=121","og_site_name":"J\u016aRMALAS VALSTSPILS\u0112TAS PUMPURU VIDUSSKOLA","article_publisher":"https:\/\/www.facebook.com\/people\/Jrmalas-valstspilstas-Pumpuru-vidusskola\/61565829730579\/","article_modified_time":"2026-04-29T04:32:15+00:00","twitter_card":"summary_large_image","twitter_misc":{"Est. reading time":"20 min\u016b\u0161u"},"schema":{"@context":"https:\/\/schema.org","@graph":[{"@type":"WebPage","@id":"https:\/\/pumpuruvsk.jurmala.lv\/?page_id=121","url":"https:\/\/pumpuruvsk.jurmala.lv\/?page_id=121","name":"SASNIEGUMI - J\u016aRMALAS VALSTSPILS\u0112TAS PUMPURU VIDUSSKOLA","isPartOf":{"@id":"https:\/\/pumpuruvsk.jurmala.lv\/#website"},"datePublished":"2024-02-16T16:18:55+00:00","dateModified":"2026-04-29T04:32:15+00:00","breadcrumb":{"@id":"https:\/\/pumpuruvsk.jurmala.lv\/?page_id=121#breadcrumb"},"inLanguage":"lv-LV","potentialAction":[{"@type":"ReadAction","target":["https:\/\/pumpuruvsk.jurmala.lv\/?page_id=121"]}]},{"@type":"BreadcrumbList","@id":"https:\/\/pumpuruvsk.jurmala.lv\/?page_id=121#breadcrumb","itemListElement":[{"@type":"ListItem","position":1,"name":"Home","item":"https:\/\/pumpuruvsk.jurmala.lv\/"},{"@type":"ListItem","position":2,"name":"SASNIEGUMI"}]},{"@type":"WebSite","@id":"https:\/\/pumpuruvsk.jurmala.lv\/#website","url":"https:\/\/pumpuruvsk.jurmala.lv\/","name":"J\u016aRMALAS VALSTSPILS\u0112TAS PUMPURU VIDUSSKOLA.","description":"SKOLA IZAUGSMEI","publisher":{"@id":"https:\/\/pumpuruvsk.jurmala.lv\/#organization"},"potentialAction":[{"@type":"SearchAction","target":{"@type":"EntryPoint","urlTemplate":"https:\/\/pumpuruvsk.jurmala.lv\/?s={search_term_string}"},"query-input":"required name=search_term_string"}],"inLanguage":"lv-LV"},{"@type":"Organization","@id":"https:\/\/pumpuruvsk.jurmala.lv\/#organization","name":"J\u016aRMALAS VALSTSPILS\u0112TAS PUMPURU VIDUSSKOLA","url":"https:\/\/pumpuruvsk.jurmala.lv\/","logo":{"@type":"ImageObject","inLanguage":"lv-LV","@id":"https:\/\/pumpuruvsk.jurmala.lv\/#\/schema\/logo\/image\/","url":"https:\/\/pumpuruvsk.jurmala.lv\/wp-content\/uploads\/2024\/02\/cropped-cropped-JPV-mazais-1-2.png","contentUrl":"https:\/\/pumpuruvsk.jurmala.lv\/wp-content\/uploads\/2024\/02\/cropped-cropped-JPV-mazais-1-2.png","width":4500,"height":4500,"caption":"J\u016aRMALAS VALSTSPILS\u0112TAS PUMPURU VIDUSSKOLA"},"image":{"@id":"https:\/\/pumpuruvsk.jurmala.lv\/#\/schema\/logo\/image\/"},"sameAs":["https:\/\/www.facebook.com\/people\/Jrmalas-valstspilstas-Pumpuru-vidusskola\/61565829730579\/"]}]}},"_links":{"self":[{"href":"https:\/\/pumpuruvsk.jurmala.lv\/index.php?rest_route=\/wp\/v2\/pages\/121","targetHints":{"allow":["GET"]}}],"collection":[{"href":"https:\/\/pumpuruvsk.jurmala.lv\/index.php?rest_route=\/wp\/v2\/pages"}],"about":[{"href":"https:\/\/pumpuruvsk.jurmala.lv\/index.php?rest_route=\/wp\/v2\/types\/page"}],"author":[{"embeddable":true,"href":"https:\/\/pumpuruvsk.jurmala.lv\/index.php?rest_route=\/wp\/v2\/users\/1"}],"replies":[{"embeddable":true,"href":"https:\/\/pumpuruvsk.jurmala.lv\/index.php?rest_route=%2Fwp%2Fv2%2Fcomments&post=121"}],"version-history":[{"count":356,"href":"https:\/\/pumpuruvsk.jurmala.lv\/index.php?rest_route=\/wp\/v2\/pages\/121\/revisions"}],"predecessor-version":[{"id":7389,"href":"https:\/\/pumpuruvsk.jurmala.lv\/index.php?rest_route=\/wp\/v2\/pages\/121\/revisions\/7389"}],"wp:attachment":[{"href":"https:\/\/pumpuruvsk.jurmala.lv\/index.php?rest_route=%2Fwp%2Fv2%2Fmedia&parent=121"}],"curies":[{"name":"wp","href":"https:\/\/api.w.org\/{rel}","templated":true}]}}